{"id":2447,"date":"2023-04-03T10:08:37","date_gmt":"2023-04-03T10:08:37","guid":{"rendered":"https:\/\/www.luthiertapfestival.com\/events-ca\/"},"modified":"2025-07-08T12:08:57","modified_gmt":"2025-07-08T12:08:57","slug":"events-ca","status":"publish","type":"page","link":"https:\/\/www.luthiertapfestival.com\/ca\/events-ca\/","title":{"rendered":"EVENTS"},"content":{"rendered":"\t\t<div data-elementor-type=\"wp-page\" data-elementor-id=\"2447\" class=\"elementor elementor-2447 elementor-345\">\n\t\t\t\t\t\t<div class=\"elementor-inner\">\n\t\t\t\t<div class=\"elementor-section-wrap\">\n\t\t\t\t\t\t\t\t\t<section class=\"elementor-section elementor-top-section elementor-element elementor-element-0997de1 elementor-section-height-min-height elementor-section-boxed elementor-section-height-default elementor-section-items-middle\" data-id=\"0997de1\" data-element_type=\"section\" data-settings=\"{&quot;background_background&quot;:&quot;classic&quot;,&quot;jet_parallax_layout_list&quot;:[]}\">\n\t\t\t\t\t\t\t<div class=\"elementor-background-overlay\"><\/div>\n\t\t\t\t\t\t\t<div class=\"elementor-container elementor-column-gap-default\">\n\t\t\t\t\t\t\t<div class=\"elementor-row\">\n\t\t\t\t\t<div class=\"elementor-column elementor-col-100 elementor-top-column elementor-element elementor-element-01dd671 elementor-invisible\" data-id=\"01dd671\" data-element_type=\"column\" data-settings=\"{&quot;animation&quot;:&quot;fadeInUp&quot;}\">\n\t\t\t<div class=\"elementor-column-wrap elementor-element-populated\">\n\t\t\t\t\t\t\t<div class=\"elementor-widget-wrap\">\n\t\t\t\t\t\t<div class=\"elementor-element elementor-element-edb63c2 elementor-widget__width-initial elementor-widget elementor-widget-heading\" data-id=\"edb63c2\" data-element_type=\"widget\" data-widget_type=\"heading.default\">\n\t\t\t\t<div class=\"elementor-widget-container\">\n\t\t\t<h1 class=\"elementor-heading-title elementor-size-default\">ESDEVENIMENTS<br><div data-elementor-type=\"wp-page\" data-elementor-id=\"2951\" class=\"elementor elementor-2951 elementor-287\"><div class=\"elementor-inner\"><div class=\"elementor-section-wrap\"><section class=\"elementor-section elementor-top-section elementor-element elementor-element-f7415b7 elementor-section-height-min-height elementor-section-boxed elementor-section-height-default elementor-section-items-middle\" data-id=\"f7415b7\" data-element_type=\"section\" data-settings=\"{&quot;background_background&quot;:&quot;classic&quot;,&quot;jet_parallax_layout_list&quot;:[]}\"><div class=\"elementor-container elementor-column-gap-default\"><div class=\"elementor-row\"><div class=\"elementor-column elementor-col-100 elementor-top-column elementor-element elementor-element-fc3b3b9 animated fadeInUp\" data-id=\"fc3b3b9\" data-element_type=\"column\" data-settings=\"{&quot;animation&quot;:&quot;fadeInUp&quot;}\"><div class=\"elementor-column-wrap elementor-element-populated\"><div class=\"elementor-widget-wrap\"><div class=\"elementor-element elementor-element-8845cfe elementor-widget elementor-widget-heading is-mac\" data-id=\"8845cfe\" data-element_type=\"widget\" data-widget_type=\"heading.default\"><div class=\"elementor-widget-container\"><h2 class=\"elementor-heading-title elementor-size-default\"><\/h2><h2 class=\"elementor-heading-title elementor-size-default\">Aprofita el descompte del 10% de l'Early Bird! Disponible fins el 16 de juny<\/h2><\/div><\/div><\/div><\/div><\/div><\/div><\/div><\/section><\/div><\/div><\/div><\/h1>\t\t<\/div>\n\t\t\t\t<\/div>\n\t\t\t\t\t\t<\/div>\n\t\t\t\t\t<\/div>\n\t\t<\/div>\n\t\t\t\t\t\t\t\t<\/div>\n\t\t\t\t\t<\/div>\n\t\t<\/section>\n\t\t\t\t<section class=\"elementor-section elementor-top-section elementor-element elementor-element-678ae43 elementor-section-boxed elementor-section-height-default elementor-section-height-default\" data-id=\"678ae43\" data-element_type=\"section\" data-settings=\"{&quot;jet_parallax_layout_list&quot;:[],&quot;background_background&quot;:&quot;classic&quot;}\">\n\t\t\t\t\t\t<div class=\"elementor-container elementor-column-gap-default\">\n\t\t\t\t\t\t\t<div class=\"elementor-row\">\n\t\t\t\t\t<div class=\"elementor-column elementor-col-50 elementor-top-column elementor-element elementor-element-2a38ebe\" data-id=\"2a38ebe\" data-element_type=\"column\">\n\t\t\t<div class=\"elementor-column-wrap elementor-element-populated\">\n\t\t\t\t\t\t\t<div class=\"elementor-widget-wrap\">\n\t\t\t\t\t\t<section class=\"elementor-section elementor-inner-section elementor-element elementor-element-31e9022 elementor-section-boxed elementor-section-height-default elementor-section-height-default\" data-id=\"31e9022\" data-element_type=\"section\" data-settings=\"{&quot;jet_parallax_layout_list&quot;:[],&quot;background_background&quot;:&quot;classic&quot;}\">\n\t\t\t\t\t\t<div class=\"elementor-container elementor-column-gap-default\">\n\t\t\t\t\t\t\t<div class=\"elementor-row\">\n\t\t\t\t\t<div class=\"elementor-column elementor-col-50 elementor-inner-column elementor-element elementor-element-99c8bf2\" data-id=\"99c8bf2\" data-element_type=\"column\" data-settings=\"{&quot;background_background&quot;:&quot;classic&quot;}\">\n\t\t\t<div class=\"elementor-column-wrap elementor-element-populated\">\n\t\t\t\t\t\t\t<div class=\"elementor-widget-wrap\">\n\t\t\t\t\t\t<div class=\"elementor-element elementor-element-78e4122 elementor-widget elementor-widget-spacer\" data-id=\"78e4122\" data-element_type=\"widget\" data-widget_type=\"spacer.default\">\n\t\t\t\t<div class=\"elementor-widget-container\">\n\t\t\t\t\t<div class=\"elementor-spacer\">\n\t\t\t<div class=\"elementor-spacer-inner\"><\/div>\n\t\t<\/div>\n\t\t\t\t<\/div>\n\t\t\t\t<\/div>\n\t\t\t\t\t\t<\/div>\n\t\t\t\t\t<\/div>\n\t\t<\/div>\n\t\t\t\t<div class=\"elementor-column elementor-col-50 elementor-inner-column elementor-element elementor-element-79e99c8\" data-id=\"79e99c8\" data-element_type=\"column\">\n\t\t\t<div class=\"elementor-column-wrap elementor-element-populated\">\n\t\t\t\t\t\t\t<div class=\"elementor-widget-wrap\">\n\t\t\t\t\t\t<div class=\"elementor-element elementor-element-1861c33 elementor-widget elementor-widget-heading\" data-id=\"1861c33\" data-element_type=\"widget\" data-widget_type=\"heading.default\">\n\t\t\t\t<div class=\"elementor-widget-container\">\n\t\t\t<h2 class=\"elementor-heading-title elementor-size-default\">TAP JAM AL PARC DE LA CIUTADELLA<\/h2>\t\t<\/div>\n\t\t\t\t<\/div>\n\t\t\t\t<div class=\"elementor-element elementor-element-68c7074 elementor-widget elementor-widget-text-editor\" data-id=\"68c7074\" data-element_type=\"widget\" data-widget_type=\"text-editor.default\">\n\t\t\t\t<div class=\"elementor-widget-container\">\n\t\t\t\t\t\t\t\t<div class=\"elementor-text-editor elementor-clearfix\">\n\t\t\t\t<p><strong>Diumenge, 20 de juliol |\u00a016:00<\/strong><br \/><strong>Ubicaci\u00f3:<\/strong> Parc de Ciutadella<\/p>\t\t\t\t\t<\/div>\n\t\t\t\t\t\t<\/div>\n\t\t\t\t<\/div>\n\t\t\t\t<div class=\"elementor-element elementor-element-d8f5334 elementor-widget elementor-widget-text-editor\" data-id=\"d8f5334\" data-element_type=\"widget\" data-widget_type=\"text-editor.default\">\n\t\t\t\t<div class=\"elementor-widget-container\">\n\t\t\t\t\t\t\t\t<div class=\"elementor-text-editor elementor-clearfix\">\n\t\t\t\t<p style=\"font-weight: 400;\">Uneix-te a una <strong>Tap Jam<\/strong> a l&#8217;aire lliure al <strong>Parc de la Ciutadella<\/strong>, una tradici\u00f3 de la comunitat de claqu\u00e9 de Barcelona, la manera perfecta de comen\u00e7ar la setmana del festival!<\/p><p style=\"font-weight: 400;\">Dirigit per <strong>Ivan Bouchain<\/strong>, aquesta jam tracta de bones vibracions, ritmes frescos i reconnectar a trav\u00e9s de la dansa en un dels llocs m\u00e9s emblem\u00e0tics de la ciutat.<\/p><p><span style=\"font-weight: 400;\"><img decoding=\"async\" class=\"emoji\" role=\"img\" draggable=\"false\" src=\"https:\/\/s.w.org\/images\/core\/emoji\/15.0.3\/svg\/1f333.svg\" alt=\"\ud83c\udf33\" \/>\u00a0<\/span>Obert a tothom<br \/><span style=\"font-weight: 400;\"> \ud83c\udfb6 <\/span>M\u00fasica, ritme i espont\u00e0n\u00ef<br \/><img decoding=\"async\" class=\"emoji\" role=\"img\" draggable=\"false\" src=\"https:\/\/s.w.org\/images\/core\/emoji\/15.0.3\/svg\/1f45f.svg\" alt=\"\ud83d\udc5f\" \/>\u00a0<span lang=\"PT-BR\">Porta les teves sabates i uneix-te <\/span><\/p><p style=\"font-weight: 400;\">Aqu\u00ed \u00e9s on la comunitat pren vida &#8211; no t\u2019ho perdis!<\/p>\t\t\t\t\t<\/div>\n\t\t\t\t\t\t<\/div>\n\t\t\t\t<\/div>\n\t\t\t\t<div class=\"elementor-element elementor-element-f14368f elementor-widget__width-initial elementor-widget elementor-widget-heading\" data-id=\"f14368f\" data-element_type=\"widget\" data-widget_type=\"heading.default\">\n\t\t\t\t<div class=\"elementor-widget-container\">\n\t\t\t<h2 class=\"elementor-heading-title elementor-size-default\"><span class=\"elementor-heading-title elementor-size-default elementor-inline-editing pen\" data-elementor-setting-key=\"title\" data-pen-placeholder=\"Escriviu aqu\u00ed...\">GRATU\u00cfT<\/span><\/h2>\t\t<\/div>\n\t\t\t\t<\/div>\n\t\t\t\t\t\t<\/div>\n\t\t\t\t\t<\/div>\n\t\t<\/div>\n\t\t\t\t\t\t\t\t<\/div>\n\t\t\t\t\t<\/div>\n\t\t<\/section>\n\t\t\t\t<section class=\"elementor-section elementor-inner-section elementor-element elementor-element-b753318 elementor-section-boxed elementor-section-height-default elementor-section-height-default\" data-id=\"b753318\" data-element_type=\"section\" data-settings=\"{&quot;jet_parallax_layout_list&quot;:[],&quot;background_background&quot;:&quot;classic&quot;}\">\n\t\t\t\t\t\t<div class=\"elementor-container elementor-column-gap-default\">\n\t\t\t\t\t\t\t<div class=\"elementor-row\">\n\t\t\t\t\t<div class=\"elementor-column elementor-col-50 elementor-inner-column elementor-element elementor-element-3c4853f\" data-id=\"3c4853f\" data-element_type=\"column\" data-settings=\"{&quot;background_background&quot;:&quot;classic&quot;}\">\n\t\t\t<div class=\"elementor-column-wrap elementor-element-populated\">\n\t\t\t\t\t\t\t<div class=\"elementor-widget-wrap\">\n\t\t\t\t\t\t<div class=\"elementor-element elementor-element-b0ba2b5 elementor-widget elementor-widget-spacer\" data-id=\"b0ba2b5\" data-element_type=\"widget\" data-widget_type=\"spacer.default\">\n\t\t\t\t<div class=\"elementor-widget-container\">\n\t\t\t\t\t<div class=\"elementor-spacer\">\n\t\t\t<div class=\"elementor-spacer-inner\"><\/div>\n\t\t<\/div>\n\t\t\t\t<\/div>\n\t\t\t\t<\/div>\n\t\t\t\t\t\t<\/div>\n\t\t\t\t\t<\/div>\n\t\t<\/div>\n\t\t\t\t<div class=\"elementor-column elementor-col-50 elementor-inner-column elementor-element elementor-element-8f23e37\" data-id=\"8f23e37\" data-element_type=\"column\">\n\t\t\t<div class=\"elementor-column-wrap elementor-element-populated\">\n\t\t\t\t\t\t\t<div class=\"elementor-widget-wrap\">\n\t\t\t\t\t\t<div class=\"elementor-element elementor-element-afff4c7 elementor-widget elementor-widget-heading\" data-id=\"afff4c7\" data-element_type=\"widget\" data-widget_type=\"heading.default\">\n\t\t\t\t<div class=\"elementor-widget-container\">\n\t\t\t<h2 class=\"elementor-heading-title elementor-size-default\">TAP JAM<\/h2>\t\t<\/div>\n\t\t\t\t<\/div>\n\t\t\t\t<div class=\"elementor-element elementor-element-1626a32 elementor-widget elementor-widget-text-editor\" data-id=\"1626a32\" data-element_type=\"widget\" data-widget_type=\"text-editor.default\">\n\t\t\t\t<div class=\"elementor-widget-container\">\n\t\t\t\t\t\t\t\t<div class=\"elementor-text-editor elementor-clearfix\">\n\t\t\t\t<p><strong>Dilluns, 21 de juliol | 21:00<\/strong><br \/><strong>Ubicaci\u00f3: <\/strong>Teatre Gollem\u00b4S | Carrer Sant Lluis 64, Gr\u00e0cia<strong><br \/><\/strong><\/p>\t\t\t\t\t<\/div>\n\t\t\t\t\t\t<\/div>\n\t\t\t\t<\/div>\n\t\t\t\t<div class=\"elementor-element elementor-element-c970e1c elementor-widget elementor-widget-text-editor\" data-id=\"c970e1c\" data-element_type=\"widget\" data-widget_type=\"text-editor.default\">\n\t\t\t\t<div class=\"elementor-widget-container\">\n\t\t\t\t\t\t\t\t<div class=\"elementor-text-editor elementor-clearfix\">\n\t\t\t\t<p style=\"font-weight: 400;\">Prepara&#8217;t per sentir el ritme i fer una mica de soroll a la nostre Tap Jam nocturn, una sessi\u00f3 d&#8217;alta energia on ballarins de claqu\u00e9 i m\u00fasics de jazz en directe es reuneixen per crear m\u00e0gia en viu.<\/p><p style=\"font-weight: 400;\">\ud83c\udfb6<strong>Live Jazz Trio <\/strong>marcant el ritme.<\/p><p style=\"font-weight: 400;\">\ud83d\udc5f<strong> Pista oberta <\/strong>per als ballarins per improvisar, experimentar i capbussar-se.<\/p><p style=\"font-weight: 400;\">\ud83e\udd1d Un espai on connectar \u2013 <strong>professors, estudiants i amants del ritme, tots s\u00f3n benvinguts.\u00a0<\/strong><\/p><p style=\"font-weight: 400;\">Ja sigui que est\u00e0s comen\u00e7ant a ballar, o simplement vols refrescar les teves habilitats, aquesta \u00e9s la seva oportunitat de moure\u2019t, crear i inspirar-te. Porta les teves sabates, i el teu esperit: <strong>la pista \u00e9s teva.<\/strong><\/p>\t\t\t\t\t<\/div>\n\t\t\t\t\t\t<\/div>\n\t\t\t\t<\/div>\n\t\t\t\t<div class=\"elementor-element elementor-element-cfa2d5a elementor-widget elementor-widget-text-editor\" data-id=\"cfa2d5a\" data-element_type=\"widget\" data-widget_type=\"text-editor.default\">\n\t\t\t\t<div class=\"elementor-widget-container\">\n\t\t\t\t\t\t\t\t<div class=\"elementor-text-editor elementor-clearfix\">\n\t\t\t\t<p><strong><b><img decoding=\"async\" class=\"emoji\" role=\"img\" draggable=\"false\" src=\"https:\/\/s.w.org\/images\/core\/emoji\/15.1.0\/svg\/1f3ab.svg\" alt=\"\ud83c\udfab\" \/>\u00a0<\/b>Tiquets disponibles ara \u2013 compra el teu a l&#8217;enlla\u00e7 seg\u00fcent.<\/strong><\/p>\t\t\t\t\t<\/div>\n\t\t\t\t\t\t<\/div>\n\t\t\t\t<\/div>\n\t\t\t\t<div class=\"elementor-element elementor-element-1eb6a2f elementor-widget elementor-widget-heading\" data-id=\"1eb6a2f\" data-element_type=\"widget\" data-widget_type=\"heading.default\">\n\t\t\t\t<div class=\"elementor-widget-container\">\n\t\t\t<h2 class=\"elementor-heading-title elementor-size-default\">12\u20ac<\/h2>\t\t<\/div>\n\t\t\t\t<\/div>\n\t\t\t\t<div class=\"elementor-element elementor-element-40832cd elementor-widget elementor-widget-jet-button\" data-id=\"40832cd\" data-element_type=\"widget\" data-widget_type=\"jet-button.default\">\n\t\t\t\t<div class=\"elementor-widget-container\">\n\t\t\t<div class=\"elementor-jet-button jet-elements\"><div class=\"jet-button__container\">\n\t<a class=\"jet-button__instance jet-button__instance--icon-left hover-effect-0\" href=\"https:\/\/luthierdansa.com\/producto\/tap-jam-2025\/\">\n\t\t<div class=\"jet-button__plane jet-button__plane-normal\"><\/div>\n\t\t<div class=\"jet-button__plane jet-button__plane-hover\"><\/div>\n\t\t<div class=\"jet-button__state jet-button__state-normal\">\n\t\t\t<span class=\"jet-button__label\">COMPRA LES TEVES ENTRADES<\/span>\t\t<\/div>\n\t\t<div class=\"jet-button__state jet-button__state-hover\">\n\t\t\t<span class=\"jet-button__label\">COMPRA LES TEVES ENTRADES<\/span>\t\t<\/div>\n\t<\/a>\n<\/div>\n<\/div>\t\t<\/div>\n\t\t\t\t<\/div>\n\t\t\t\t\t\t<\/div>\n\t\t\t\t\t<\/div>\n\t\t<\/div>\n\t\t\t\t\t\t\t\t<\/div>\n\t\t\t\t\t<\/div>\n\t\t<\/section>\n\t\t\t\t<section class=\"elementor-section elementor-inner-section elementor-element elementor-element-bbcefb7 elementor-section-boxed elementor-section-height-default elementor-section-height-default\" data-id=\"bbcefb7\" data-element_type=\"section\" data-settings=\"{&quot;jet_parallax_layout_list&quot;:[],&quot;background_background&quot;:&quot;classic&quot;}\">\n\t\t\t\t\t\t<div class=\"elementor-container elementor-column-gap-default\">\n\t\t\t\t\t\t\t<div class=\"elementor-row\">\n\t\t\t\t\t<div class=\"elementor-column elementor-col-50 elementor-inner-column elementor-element elementor-element-f457517\" data-id=\"f457517\" data-element_type=\"column\" data-settings=\"{&quot;background_background&quot;:&quot;classic&quot;}\">\n\t\t\t<div class=\"elementor-column-wrap elementor-element-populated\">\n\t\t\t\t\t\t\t<div class=\"elementor-widget-wrap\">\n\t\t\t\t\t\t<div class=\"elementor-element elementor-element-7f6ee1f elementor-widget elementor-widget-spacer\" data-id=\"7f6ee1f\" data-element_type=\"widget\" data-widget_type=\"spacer.default\">\n\t\t\t\t<div class=\"elementor-widget-container\">\n\t\t\t\t\t<div class=\"elementor-spacer\">\n\t\t\t<div class=\"elementor-spacer-inner\"><\/div>\n\t\t<\/div>\n\t\t\t\t<\/div>\n\t\t\t\t<\/div>\n\t\t\t\t\t\t<\/div>\n\t\t\t\t\t<\/div>\n\t\t<\/div>\n\t\t\t\t<div class=\"elementor-column elementor-col-50 elementor-inner-column elementor-element elementor-element-c9487bf\" data-id=\"c9487bf\" data-element_type=\"column\">\n\t\t\t<div class=\"elementor-column-wrap elementor-element-populated\">\n\t\t\t\t\t\t\t<div class=\"elementor-widget-wrap\">\n\t\t\t\t\t\t<div class=\"elementor-element elementor-element-978f9a8 elementor-widget elementor-widget-heading\" data-id=\"978f9a8\" data-element_type=\"widget\" data-widget_type=\"heading.default\">\n\t\t\t\t<div class=\"elementor-widget-container\">\n\t\t\t<h2 class=\"elementor-heading-title elementor-size-default\">TAP TALK: AFRICAN ROOTS: CASAMANCE RHYTHMS + VIDEOPROJECCI\u00d3: LEON COLLINS<\/h2>\t\t<\/div>\n\t\t\t\t<\/div>\n\t\t\t\t<div class=\"elementor-element elementor-element-8b38b6f elementor-widget elementor-widget-text-editor\" data-id=\"8b38b6f\" data-element_type=\"widget\" data-widget_type=\"text-editor.default\">\n\t\t\t\t<div class=\"elementor-widget-container\">\n\t\t\t\t\t\t\t\t<div class=\"elementor-text-editor elementor-clearfix\">\n\t\t\t\t<p><strong>Dimarts, 22 de juliol | 21:00<\/strong><br \/><strong>Ubicaci\u00f3:<\/strong>\u00a0Escola Luthier de M\u00fasica i Dansa\u00a0| Carrer de Balmes, 53<\/p>\t\t\t\t\t<\/div>\n\t\t\t\t\t\t<\/div>\n\t\t\t\t<\/div>\n\t\t\t\t<div class=\"elementor-element elementor-element-7af4ba9 elementor-widget elementor-widget-text-editor\" data-id=\"7af4ba9\" data-element_type=\"widget\" data-widget_type=\"text-editor.default\">\n\t\t\t\t<div class=\"elementor-widget-container\">\n\t\t\t\t\t\t\t\t<div class=\"elementor-text-editor elementor-clearfix\">\n\t\t\t\t<p style=\"font-weight: 400;\">\u00c9s ben sabut, que <strong>el tap i el jazz tenen els seus or\u00edgens en els ritmes i les tradicions africanes<\/strong>. Per\u00f2 realment sabem alguna cosa m\u00e9s enll\u00e0 d&#8217;aix\u00f2?\u00a0<\/p><p style=\"font-weight: 400;\">En aquesta tap talk, ens anem de ple a la regi\u00f3 de <strong>Casamance<\/strong>, en el sud del <strong>Senegal<\/strong>. Una regi\u00f3 que <strong>conserva les seves tradicions, la seva m\u00fasica i dansa<\/strong>, malgrat les cultures externes que han intentat establir-se en el lloc.<\/p><p style=\"font-weight: 400;\">La nostra intenci\u00f3 \u00e9s esbrinar quin ha estat l&#8217;impacte d&#8217;aquestes tradicions m\u00e9s aut\u00e8ntiques en la creaci\u00f3 posterior del que avui cridem tap dansi.<\/p><p style=\"font-weight: 400;\">La xerrada anir\u00e0 acompanyada de v\u00eddeos sobre la <strong>cultura djiola de la Casamance<\/strong> i tindrem de ponent principal a <strong>Nazaire Sambou<\/strong> on ens ensenyar\u00e0 de primera m\u00e0 les danses i els ritmes del seu poble natal.<\/p><p style=\"font-weight: 400;\">Presentat per <strong>Nazaire Sambou<\/strong> i <strong>Gisela Noguero.<\/strong><\/p><p>\u00a0<\/p><p><strong>Projecci\u00f3 de v\u00eddeos del Tap M\u00e0ster Leon Collins<\/strong><\/p><p style=\"font-weight: 400;\">\u00a0<\/p>\t\t\t\t\t<\/div>\n\t\t\t\t\t\t<\/div>\n\t\t\t\t<\/div>\n\t\t\t\t<div class=\"elementor-element elementor-element-ce9f59c elementor-widget__width-initial elementor-widget elementor-widget-heading\" data-id=\"ce9f59c\" data-element_type=\"widget\" data-widget_type=\"heading.default\">\n\t\t\t\t<div class=\"elementor-widget-container\">\n\t\t\t<h2 class=\"elementor-heading-title elementor-size-default\"><span class=\"elementor-heading-title elementor-size-default elementor-inline-editing pen\" data-elementor-setting-key=\"title\" data-pen-placeholder=\"Escriviu aqu\u00ed...\"><span class=\"elementor-heading-title elementor-size-default elementor-inline-editing pen\" data-elementor-setting-key=\"title\" data-pen-placeholder=\"Escriviu aqu\u00ed...\">Gratu\u00eft<\/span><\/span><\/h2>\t\t<\/div>\n\t\t\t\t<\/div>\n\t\t\t\t<div class=\"elementor-element elementor-element-1614b9e elementor-widget__width-initial elementor-widget elementor-widget-jet-button\" data-id=\"1614b9e\" data-element_type=\"widget\" data-widget_type=\"jet-button.default\">\n\t\t\t\t<div class=\"elementor-widget-container\">\n\t\t\t<div class=\"elementor-jet-button jet-elements\"><div class=\"jet-button__container\">\n\t<a class=\"jet-button__instance jet-button__instance--icon-left hover-effect-0\" href=\"https:\/\/luthierdansa.com\/producto\/tap-talk-2025\/\">\n\t\t<div class=\"jet-button__plane jet-button__plane-normal\"><\/div>\n\t\t<div class=\"jet-button__plane jet-button__plane-hover\"><\/div>\n\t\t<div class=\"jet-button__state jet-button__state-normal\">\n\t\t\t<span class=\"jet-button__label\">Estic interessat<\/span>\t\t<\/div>\n\t\t<div class=\"jet-button__state jet-button__state-hover\">\n\t\t\t<span class=\"jet-button__label\">Estic interessat<\/span>\t\t<\/div>\n\t<\/a>\n<\/div>\n<\/div>\t\t<\/div>\n\t\t\t\t<\/div>\n\t\t\t\t\t\t<\/div>\n\t\t\t\t\t<\/div>\n\t\t<\/div>\n\t\t\t\t\t\t\t\t<\/div>\n\t\t\t\t\t<\/div>\n\t\t<\/section>\n\t\t\t\t<section class=\"elementor-section elementor-inner-section elementor-element elementor-element-f834a54 elementor-section-boxed elementor-section-height-default elementor-section-height-default\" data-id=\"f834a54\" data-element_type=\"section\" data-settings=\"{&quot;jet_parallax_layout_list&quot;:[],&quot;background_background&quot;:&quot;classic&quot;}\">\n\t\t\t\t\t\t<div class=\"elementor-container elementor-column-gap-default\">\n\t\t\t\t\t\t\t<div class=\"elementor-row\">\n\t\t\t\t\t<div class=\"elementor-column elementor-col-50 elementor-inner-column elementor-element elementor-element-f04b307\" data-id=\"f04b307\" data-element_type=\"column\" data-settings=\"{&quot;background_background&quot;:&quot;classic&quot;}\">\n\t\t\t<div class=\"elementor-column-wrap elementor-element-populated\">\n\t\t\t\t\t\t\t<div class=\"elementor-widget-wrap\">\n\t\t\t\t\t\t<div class=\"elementor-element elementor-element-0492403 elementor-widget elementor-widget-spacer\" data-id=\"0492403\" data-element_type=\"widget\" data-widget_type=\"spacer.default\">\n\t\t\t\t<div class=\"elementor-widget-container\">\n\t\t\t\t\t<div class=\"elementor-spacer\">\n\t\t\t<div class=\"elementor-spacer-inner\"><\/div>\n\t\t<\/div>\n\t\t\t\t<\/div>\n\t\t\t\t<\/div>\n\t\t\t\t\t\t<\/div>\n\t\t\t\t\t<\/div>\n\t\t<\/div>\n\t\t\t\t<div class=\"elementor-column elementor-col-50 elementor-inner-column elementor-element elementor-element-d0ee594\" data-id=\"d0ee594\" data-element_type=\"column\">\n\t\t\t<div class=\"elementor-column-wrap elementor-element-populated\">\n\t\t\t\t\t\t\t<div class=\"elementor-widget-wrap\">\n\t\t\t\t\t\t<div class=\"elementor-element elementor-element-89e3a54 elementor-widget elementor-widget-heading\" data-id=\"89e3a54\" data-element_type=\"widget\" data-widget_type=\"heading.default\">\n\t\t\t\t<div class=\"elementor-widget-container\">\n\t\t\t<h2 class=\"elementor-heading-title elementor-size-default\">CUTTING CONTEST<\/h2>\t\t<\/div>\n\t\t\t\t<\/div>\n\t\t\t\t<div class=\"elementor-element elementor-element-52e5bce elementor-widget elementor-widget-text-editor\" data-id=\"52e5bce\" data-element_type=\"widget\" data-widget_type=\"text-editor.default\">\n\t\t\t\t<div class=\"elementor-widget-container\">\n\t\t\t\t\t\t\t\t<div class=\"elementor-text-editor elementor-clearfix\">\n\t\t\t\t<p><strong>Dimecres 23 de juliol | 21:00<\/strong><br \/><strong>Ubicaci\u00f3:\u00a0<\/strong>Escola Luthier de M\u00fasica i Dansa | Carrer de Balmes, 53<\/p>\t\t\t\t\t<\/div>\n\t\t\t\t\t\t<\/div>\n\t\t\t\t<\/div>\n\t\t\t\t<div class=\"elementor-element elementor-element-7fefae0 elementor-widget elementor-widget-text-editor\" data-id=\"7fefae0\" data-element_type=\"widget\" data-widget_type=\"text-editor.default\">\n\t\t\t\t<div class=\"elementor-widget-container\">\n\t\t\t\t\t\t\t\t<div class=\"elementor-text-editor elementor-clearfix\">\n\t\t\t\t<p style=\"font-weight: 400;\">Una <strong>batalla d&#8217;improvitzaci\u00f3<\/strong> electritzant on els ballarins s&#8217;enfrentan cara a cara, intercanviant ritmes i empenyent l\u00edmits &#8211; tot en temps real.<\/p><p style=\"font-weight: 400;\">\ud83d\udca5 <strong>Enfrontaments un contra un<\/strong><\/p><p style=\"font-weight: 400;\">\ud83c\udfb5\u00a0<strong>M\u00fasica en directe tota la nit <\/strong>&#8211; dirigint l&#8217;energia i mantenint a tothom llestos i amb les sabates ben posades.<\/p><p style=\"font-weight: 400;\">\ud83c\udfc6\u00a0<strong>Premis i beques<\/strong><\/p><p style=\"font-weight: 400;\">\ud83e\udde0 Jutjat per un panell d&#8217;experts &#8211; <strong>llueix-te el millor que puguis o assumeix el risc de ser ELIMINAT.<\/strong><\/p><p style=\"font-weight: 400;\">Cada ronda \u00e9s una prova de musicalitat, creativitat i pur enginy. No hi ha coreo. No hi ha xarxa de seguretat. Nom\u00e9s el ritme, el terra i la teva veu pels peus.<\/p><p style=\"font-weight: 400;\">Creus que tens el foc? Puja i demostra el que saps.<\/p><p style=\"font-weight: 400;\"><strong>(Inscripci\u00f3 al taulell del festival durant la setmana.)<\/strong><\/p>\t\t\t\t\t<\/div>\n\t\t\t\t\t\t<\/div>\n\t\t\t\t<\/div>\n\t\t\t\t<div class=\"elementor-element elementor-element-bbcd62c elementor-widget elementor-widget-heading\" data-id=\"bbcd62c\" data-element_type=\"widget\" data-widget_type=\"heading.default\">\n\t\t\t\t<div class=\"elementor-widget-container\">\n\t\t\t<h2 class=\"elementor-heading-title elementor-size-default\">6\u20ac<\/h2>\t\t<\/div>\n\t\t\t\t<\/div>\n\t\t\t\t<div class=\"elementor-element elementor-element-32b1b73 elementor-widget elementor-widget-text-editor\" data-id=\"32b1b73\" data-element_type=\"widget\" data-widget_type=\"text-editor.default\">\n\t\t\t\t<div class=\"elementor-widget-container\">\n\t\t\t\t\t\t\t\t<div class=\"elementor-text-editor elementor-clearfix\">\n\t\t\t\t<p><strong><b><img decoding=\"async\" class=\"emoji\" role=\"img\" draggable=\"false\" src=\"https:\/\/s.w.org\/images\/core\/emoji\/15.1.0\/svg\/1f3ab.svg\" alt=\"\ud83c\udfab\" \/>\u00a0<\/b>Tiquets disponibles ara \u2013 compra el teu a l&#8217;enlla\u00e7 seg\u00fcent.<\/strong><\/p>\t\t\t\t\t<\/div>\n\t\t\t\t\t\t<\/div>\n\t\t\t\t<\/div>\n\t\t\t\t<div class=\"elementor-element elementor-element-85f90bd elementor-widget__width-initial elementor-widget elementor-widget-jet-button\" data-id=\"85f90bd\" data-element_type=\"widget\" data-widget_type=\"jet-button.default\">\n\t\t\t\t<div class=\"elementor-widget-container\">\n\t\t\t<div class=\"elementor-jet-button jet-elements\"><div class=\"jet-button__container\">\n\t<a class=\"jet-button__instance jet-button__instance--icon-left hover-effect-0\" href=\"https:\/\/luthierdansa.com\/producto\/cutting-contest\/\">\n\t\t<div class=\"jet-button__plane jet-button__plane-normal\"><\/div>\n\t\t<div class=\"jet-button__plane jet-button__plane-hover\"><\/div>\n\t\t<div class=\"jet-button__state jet-button__state-normal\">\n\t\t\t<span class=\"jet-button__label\">COMPRA LES TEVES ENTRADES<\/span>\t\t<\/div>\n\t\t<div class=\"jet-button__state jet-button__state-hover\">\n\t\t\t<span class=\"jet-button__label\">COMPRA LES TEVES ENTRADES<\/span>\t\t<\/div>\n\t<\/a>\n<\/div>\n<\/div>\t\t<\/div>\n\t\t\t\t<\/div>\n\t\t\t\t\t\t<\/div>\n\t\t\t\t\t<\/div>\n\t\t<\/div>\n\t\t\t\t\t\t\t\t<\/div>\n\t\t\t\t\t<\/div>\n\t\t<\/section>\n\t\t\t\t<section class=\"elementor-section elementor-inner-section elementor-element elementor-element-1c556f9 elementor-section-boxed elementor-section-height-default elementor-section-height-default\" data-id=\"1c556f9\" data-element_type=\"section\" data-settings=\"{&quot;jet_parallax_layout_list&quot;:[],&quot;background_background&quot;:&quot;classic&quot;}\">\n\t\t\t\t\t\t<div class=\"elementor-container elementor-column-gap-default\">\n\t\t\t\t\t\t\t<div class=\"elementor-row\">\n\t\t\t\t\t<div class=\"elementor-column elementor-col-50 elementor-inner-column elementor-element elementor-element-15521c4\" data-id=\"15521c4\" data-element_type=\"column\" data-settings=\"{&quot;background_background&quot;:&quot;classic&quot;}\">\n\t\t\t<div class=\"elementor-column-wrap elementor-element-populated\">\n\t\t\t\t\t\t\t<div class=\"elementor-widget-wrap\">\n\t\t\t\t\t\t<div class=\"elementor-element elementor-element-a9e43c7 elementor-widget elementor-widget-spacer\" data-id=\"a9e43c7\" data-element_type=\"widget\" data-widget_type=\"spacer.default\">\n\t\t\t\t<div class=\"elementor-widget-container\">\n\t\t\t\t\t<div class=\"elementor-spacer\">\n\t\t\t<div class=\"elementor-spacer-inner\"><\/div>\n\t\t<\/div>\n\t\t\t\t<\/div>\n\t\t\t\t<\/div>\n\t\t\t\t\t\t<\/div>\n\t\t\t\t\t<\/div>\n\t\t<\/div>\n\t\t\t\t<div class=\"elementor-column elementor-col-50 elementor-inner-column elementor-element elementor-element-0f076c5\" data-id=\"0f076c5\" data-element_type=\"column\">\n\t\t\t<div class=\"elementor-column-wrap elementor-element-populated\">\n\t\t\t\t\t\t\t<div class=\"elementor-widget-wrap\">\n\t\t\t\t\t\t<div class=\"elementor-element elementor-element-d6ed557 elementor-widget elementor-widget-heading\" data-id=\"d6ed557\" data-element_type=\"widget\" data-widget_type=\"heading.default\">\n\t\t\t\t<div class=\"elementor-widget-container\">\n\t\t\t<h2 class=\"elementor-heading-title elementor-size-default\">STUDENT SHOWCASE\u200b<\/h2>\t\t<\/div>\n\t\t\t\t<\/div>\n\t\t\t\t<div class=\"elementor-element elementor-element-f6a866e elementor-widget elementor-widget-text-editor\" data-id=\"f6a866e\" data-element_type=\"widget\" data-widget_type=\"text-editor.default\">\n\t\t\t\t<div class=\"elementor-widget-container\">\n\t\t\t\t\t\t\t\t<div class=\"elementor-text-editor elementor-clearfix\">\n\t\t\t\t<p><strong>Dijous 24 de juliol | 21:00<\/strong><\/p><p><strong>Ubicaci\u00f3:\u00a0<\/strong>Escola Luthier de M\u00fasica i Dansa | Carrer de Balmes, 53<\/p>\t\t\t\t\t<\/div>\n\t\t\t\t\t\t<\/div>\n\t\t\t\t<\/div>\n\t\t\t\t<div class=\"elementor-element elementor-element-0506354 elementor-widget elementor-widget-text-editor\" data-id=\"0506354\" data-element_type=\"widget\" data-widget_type=\"text-editor.default\">\n\t\t\t\t<div class=\"elementor-widget-container\">\n\t\t\t\t\t\t\t\t<div class=\"elementor-text-editor elementor-clearfix\">\n\t\t\t\t<p style=\"font-weight: 400;\">Actuacions de:<\/p><p style=\"font-weight: 400;\">\u2728 <strong>Els alumnes del Programa Professional de Tap Dance de Luthier<\/strong><\/p><p style=\"font-weight: 400;\">\u2728 <strong>Participants del festival<\/strong> de tots els nivells, que comparteixen escenari i les seves veus \u00faniques<\/p><p style=\"font-weight: 400;\">Des de peces ben polides fins a experiments extrovertits, aquest \u00e9s un espai on els ballarins <strong>brillen, connecten i s\u2019expressen.<\/strong> Vine a donar suport als teus companys, anima&#8217;t i presencia la pr\u00f2xima generaci\u00f3 d&#8217;artistes de claqu\u00e9 en moviment.<\/p><p style=\"font-weight: 400;\">\ud83d\udcdd\u00a0 <strong>Vols actuar? <\/strong>Apunta&#8217;t a trav\u00e9s de l&#8217;enlla\u00e7 de sota i uneix-te a l&#8217;escenari!<\/p>\t\t\t\t\t<\/div>\n\t\t\t\t\t\t<\/div>\n\t\t\t\t<\/div>\n\t\t\t\t<div class=\"elementor-element elementor-element-deb79df elementor-widget elementor-widget-heading\" data-id=\"deb79df\" data-element_type=\"widget\" data-widget_type=\"heading.default\">\n\t\t\t\t<div class=\"elementor-widget-container\">\n\t\t\t<h2 class=\"elementor-heading-title elementor-size-default\">16\u20ac<\/h2>\t\t<\/div>\n\t\t\t\t<\/div>\n\t\t\t\t<div class=\"elementor-element elementor-element-a1d0fa4 elementor-widget elementor-widget-text-editor\" data-id=\"a1d0fa4\" data-element_type=\"widget\" data-widget_type=\"text-editor.default\">\n\t\t\t\t<div class=\"elementor-widget-container\">\n\t\t\t\t\t\t\t\t<div class=\"elementor-text-editor elementor-clearfix\">\n\t\t\t\t<p><strong><b><img decoding=\"async\" class=\"emoji\" role=\"img\" draggable=\"false\" src=\"https:\/\/s.w.org\/images\/core\/emoji\/15.1.0\/svg\/1f3ab.svg\" alt=\"\ud83c\udfab\" \/>\u00a0<\/b>Tiquets disponibles ara \u2013 compra el teu a l&#8217;enlla\u00e7 seg\u00fcent.<\/strong><\/p>\t\t\t\t\t<\/div>\n\t\t\t\t\t\t<\/div>\n\t\t\t\t<\/div>\n\t\t\t\t<div class=\"elementor-element elementor-element-f21ca38 elementor-widget__width-initial elementor-widget elementor-widget-jet-button\" data-id=\"f21ca38\" data-element_type=\"widget\" data-widget_type=\"jet-button.default\">\n\t\t\t\t<div class=\"elementor-widget-container\">\n\t\t\t<div class=\"elementor-jet-button jet-elements\"><div class=\"jet-button__container\">\n\t<a class=\"jet-button__instance jet-button__instance--icon-left hover-effect-0\" href=\"https:\/\/luthierdansa.com\/producto\/student-showcase-2025\/\">\n\t\t<div class=\"jet-button__plane jet-button__plane-normal\"><\/div>\n\t\t<div class=\"jet-button__plane jet-button__plane-hover\"><\/div>\n\t\t<div class=\"jet-button__state jet-button__state-normal\">\n\t\t\t<span class=\"jet-button__label\">COMPRA LES TEVES ENTRADES<\/span>\t\t<\/div>\n\t\t<div class=\"jet-button__state jet-button__state-hover\">\n\t\t\t<span class=\"jet-button__label\">COMPRA LES TEVES ENTRADES<\/span>\t\t<\/div>\n\t<\/a>\n<\/div>\n<\/div>\t\t<\/div>\n\t\t\t\t<\/div>\n\t\t\t\t\t\t<\/div>\n\t\t\t\t\t<\/div>\n\t\t<\/div>\n\t\t\t\t\t\t\t\t<\/div>\n\t\t\t\t\t<\/div>\n\t\t<\/section>\n\t\t\t\t<section class=\"elementor-section elementor-inner-section elementor-element elementor-element-384720e elementor-section-boxed elementor-section-height-default elementor-section-height-default\" data-id=\"384720e\" data-element_type=\"section\" data-settings=\"{&quot;jet_parallax_layout_list&quot;:[],&quot;background_background&quot;:&quot;classic&quot;}\">\n\t\t\t\t\t\t<div class=\"elementor-container elementor-column-gap-default\">\n\t\t\t\t\t\t\t<div class=\"elementor-row\">\n\t\t\t\t\t<div class=\"elementor-column elementor-col-50 elementor-inner-column elementor-element elementor-element-3cb3cce\" data-id=\"3cb3cce\" data-element_type=\"column\" data-settings=\"{&quot;background_background&quot;:&quot;classic&quot;}\">\n\t\t\t<div class=\"elementor-column-wrap elementor-element-populated\">\n\t\t\t\t\t\t\t<div class=\"elementor-widget-wrap\">\n\t\t\t\t\t\t<div class=\"elementor-element elementor-element-8e9bb60 elementor-widget elementor-widget-spacer\" data-id=\"8e9bb60\" data-element_type=\"widget\" data-widget_type=\"spacer.default\">\n\t\t\t\t<div class=\"elementor-widget-container\">\n\t\t\t\t\t<div class=\"elementor-spacer\">\n\t\t\t<div class=\"elementor-spacer-inner\"><\/div>\n\t\t<\/div>\n\t\t\t\t<\/div>\n\t\t\t\t<\/div>\n\t\t\t\t\t\t<\/div>\n\t\t\t\t\t<\/div>\n\t\t<\/div>\n\t\t\t\t<div class=\"elementor-column elementor-col-50 elementor-inner-column elementor-element elementor-element-3f68e3b\" data-id=\"3f68e3b\" data-element_type=\"column\">\n\t\t\t<div class=\"elementor-column-wrap elementor-element-populated\">\n\t\t\t\t\t\t\t<div class=\"elementor-widget-wrap\">\n\t\t\t\t\t\t<div class=\"elementor-element elementor-element-b320d01 elementor-widget elementor-widget-heading\" data-id=\"b320d01\" data-element_type=\"widget\" data-widget_type=\"heading.default\">\n\t\t\t\t<div class=\"elementor-widget-container\">\n\t\t\t<h2 class=\"elementor-heading-title elementor-size-default\">ESPECTACLE |  LA VIDA \u00c9S RITME |  CAMUT BAND<\/h2>\t\t<\/div>\n\t\t\t\t<\/div>\n\t\t\t\t<div class=\"elementor-element elementor-element-4b546a5 elementor-widget elementor-widget-text-editor\" data-id=\"4b546a5\" data-element_type=\"widget\" data-widget_type=\"text-editor.default\">\n\t\t\t\t<div class=\"elementor-widget-container\">\n\t\t\t\t\t\t\t\t<div class=\"elementor-text-editor elementor-clearfix\">\n\t\t\t\t<p><strong>Divendres, 25 de juliol | 21:00<\/strong><br \/><strong>Ubicaci\u00f3: <\/strong>Teatre Aquarella | Gran Via de les Corts Catalanes, 572<\/p>\t\t\t\t\t<\/div>\n\t\t\t\t\t\t<\/div>\n\t\t\t\t<\/div>\n\t\t\t\t<div class=\"elementor-element elementor-element-2cbf850 elementor-widget elementor-widget-text-editor\" data-id=\"2cbf850\" data-element_type=\"widget\" data-widget_type=\"text-editor.default\">\n\t\t\t\t<div class=\"elementor-widget-container\">\n\t\t\t\t\t\t\t\t<div class=\"elementor-text-editor elementor-clearfix\">\n\t\t\t\t<p>La Vida \u00e9s Ritme \u00e9s un espectacle de CAMUT BAND on es barregen la percussi\u00f3 africana, el tap dance, la veu i el ball sobre sorra i on els int\u00e8rprets juguen amb els seus papers, intercanviant habilitats i ritmes per a aconseguir un espectacle original, fresc, sorprenent i tan ple d\u2019energia que fa que els espectadors tinguin ganes d\u2019aixecar-se i ficar-se a ballar, encisats per la m\u00e0gia de l\u2019escenari.<\/p><p>La Vida \u00e9s Ritme ha estat creat per Camut Band i ha estat rodant arreu del m\u00f3n recollint aplaudiments i elogis de tots els p\u00fablics. En ell es fusionen les t\u00e8cniques del claqu\u00e9 m\u00e9s modern amb la percussi\u00f3 de diferents cultures, obtenint un espectacle original i diferent.<\/p><p>Pots descobrir m\u00eas a trav\u00e9s d&#8217;aquest link: <i><span style=\"font-weight: 400;\"><span style=\"text-decoration: underline;\"><strong><a href=\"http:\/\/www.camutband.com\">Camut Band<\/a><\/strong><\/span><\/span><\/i><\/p>\t\t\t\t\t<\/div>\n\t\t\t\t\t\t<\/div>\n\t\t\t\t<\/div>\n\t\t\t\t<div class=\"elementor-element elementor-element-a8c1ab1 elementor-widget elementor-widget-heading\" data-id=\"a8c1ab1\" data-element_type=\"widget\" data-widget_type=\"heading.default\">\n\t\t\t\t<div class=\"elementor-widget-container\">\n\t\t\t<h2 class=\"elementor-heading-title elementor-size-default\">18\u20ac<\/h2>\t\t<\/div>\n\t\t\t\t<\/div>\n\t\t\t\t<div class=\"elementor-element elementor-element-3d02d53 elementor-widget elementor-widget-text-editor\" data-id=\"3d02d53\" data-element_type=\"widget\" data-widget_type=\"text-editor.default\">\n\t\t\t\t<div class=\"elementor-widget-container\">\n\t\t\t\t\t\t\t\t<div class=\"elementor-text-editor elementor-clearfix\">\n\t\t\t\t<p><strong><b><img decoding=\"async\" class=\"emoji\" role=\"img\" draggable=\"false\" src=\"https:\/\/s.w.org\/images\/core\/emoji\/15.1.0\/svg\/1f3ab.svg\" alt=\"\ud83c\udfab\" \/>\u00a0<\/b>Tiquets disponibles ara \u2013 compra el teu a l&#8217;enlla\u00e7 seg\u00fcent.<\/strong><\/p>\t\t\t\t\t<\/div>\n\t\t\t\t\t\t<\/div>\n\t\t\t\t<\/div>\n\t\t\t\t<div class=\"elementor-element elementor-element-777359c elementor-widget__width-initial elementor-widget elementor-widget-jet-button\" data-id=\"777359c\" data-element_type=\"widget\" data-widget_type=\"jet-button.default\">\n\t\t\t\t<div class=\"elementor-widget-container\">\n\t\t\t<div class=\"elementor-jet-button jet-elements\"><div class=\"jet-button__container\">\n\t<a class=\"jet-button__instance jet-button__instance--icon-left hover-effect-0\" href=\"https:\/\/luthierdansa.com\/producto\/show-camut-band-2025\/\">\n\t\t<div class=\"jet-button__plane jet-button__plane-normal\"><\/div>\n\t\t<div class=\"jet-button__plane jet-button__plane-hover\"><\/div>\n\t\t<div class=\"jet-button__state jet-button__state-normal\">\n\t\t\t<span class=\"jet-button__label\">COMPRA LES TEVES ENTRADES<\/span>\t\t<\/div>\n\t\t<div class=\"jet-button__state jet-button__state-hover\">\n\t\t\t<span class=\"jet-button__label\">COMPRA LES TEVES ENTRADES<\/span>\t\t<\/div>\n\t<\/a>\n<\/div>\n<\/div>\t\t<\/div>\n\t\t\t\t<\/div>\n\t\t\t\t\t\t<\/div>\n\t\t\t\t\t<\/div>\n\t\t<\/div>\n\t\t\t\t\t\t\t\t<\/div>\n\t\t\t\t\t<\/div>\n\t\t<\/section>\n\t\t\t\t<section class=\"elementor-section elementor-inner-section elementor-element elementor-element-4bd0356 elementor-section-boxed elementor-section-height-default elementor-section-height-default\" data-id=\"4bd0356\" data-element_type=\"section\" data-settings=\"{&quot;jet_parallax_layout_list&quot;:[],&quot;background_background&quot;:&quot;classic&quot;}\">\n\t\t\t\t\t\t<div class=\"elementor-container elementor-column-gap-default\">\n\t\t\t\t\t\t\t<div class=\"elementor-row\">\n\t\t\t\t\t<div class=\"elementor-column elementor-col-50 elementor-inner-column elementor-element elementor-element-a63f98d\" data-id=\"a63f98d\" data-element_type=\"column\" data-settings=\"{&quot;background_background&quot;:&quot;classic&quot;}\">\n\t\t\t<div class=\"elementor-column-wrap elementor-element-populated\">\n\t\t\t\t\t\t\t<div class=\"elementor-widget-wrap\">\n\t\t\t\t\t\t<div class=\"elementor-element elementor-element-ab73f90 elementor-widget elementor-widget-spacer\" data-id=\"ab73f90\" data-element_type=\"widget\" data-widget_type=\"spacer.default\">\n\t\t\t\t<div class=\"elementor-widget-container\">\n\t\t\t\t\t<div class=\"elementor-spacer\">\n\t\t\t<div class=\"elementor-spacer-inner\"><\/div>\n\t\t<\/div>\n\t\t\t\t<\/div>\n\t\t\t\t<\/div>\n\t\t\t\t\t\t<\/div>\n\t\t\t\t\t<\/div>\n\t\t<\/div>\n\t\t\t\t<div class=\"elementor-column elementor-col-50 elementor-inner-column elementor-element elementor-element-c972b51\" data-id=\"c972b51\" data-element_type=\"column\">\n\t\t\t<div class=\"elementor-column-wrap elementor-element-populated\">\n\t\t\t\t\t\t\t<div class=\"elementor-widget-wrap\">\n\t\t\t\t\t\t<div class=\"elementor-element elementor-element-d936396 elementor-widget elementor-widget-heading\" data-id=\"d936396\" data-element_type=\"widget\" data-widget_type=\"heading.default\">\n\t\t\t\t<div class=\"elementor-widget-container\">\n\t\t\t<h2 class=\"elementor-heading-title elementor-size-default\">FACULTY GALA<\/h2>\t\t<\/div>\n\t\t\t\t<\/div>\n\t\t\t\t<div class=\"elementor-element elementor-element-3e055fa elementor-widget elementor-widget-text-editor\" data-id=\"3e055fa\" data-element_type=\"widget\" data-widget_type=\"text-editor.default\">\n\t\t\t\t<div class=\"elementor-widget-container\">\n\t\t\t\t\t\t\t\t<div class=\"elementor-text-editor elementor-clearfix\">\n\t\t\t\t<p><strong>Dissabte, 26 de juliol | 21:00<\/strong><br \/><strong>Ubicaci\u00f3: <\/strong>Teatre Aquarella | Gran Via de les Corts Catalanes, 572<\/p>\t\t\t\t\t<\/div>\n\t\t\t\t\t\t<\/div>\n\t\t\t\t<\/div>\n\t\t\t\t<div class=\"elementor-element elementor-element-a081c33 elementor-widget elementor-widget-text-editor\" data-id=\"a081c33\" data-element_type=\"widget\" data-widget_type=\"text-editor.default\">\n\t\t\t\t<div class=\"elementor-widget-container\">\n\t\t\t\t\t\t\t\t<div class=\"elementor-text-editor elementor-clearfix\">\n\t\t\t\t<p style=\"font-weight: 400;\">Una vetllada inolvidable on el focus brilla en els nostres convidats i professors internacionals mentre fan seu l&#8217;escenari per compartir la seva singular creativitat, visi\u00f3 i veu.<\/p><p style=\"font-weight: 400;\">Acompanyats de m\u00fasics en directe, aquesta nit es centra en <strong>la inspiraci\u00f3 i l\u2019excel\u00b7l\u00e8ncia<\/strong>, una oportunitat perqu\u00e8 els estudiants i el p\u00fablic en general siguin testimonis dels mestres en el seu element.<\/p><p style=\"font-weight: 400;\">\ud83c\udfad \u00a0Una celebraci\u00f3 del talent global<\/p><p style=\"font-weight: 400;\">\u00a0\ud83c\udfb6 M\u00fasica en viu que alimenta cada pas<\/p><p style=\"font-weight: 400;\">\u2728Una nit per recordar tant per ballarins com per somiadors<\/p><p style=\"font-weight: 400;\">No perdis aquesta oportunitat \u00fanica de veure els artistes que estan donant forma al m\u00f3n del claqu\u00e9 actual.<\/p>\t\t\t\t\t<\/div>\n\t\t\t\t\t\t<\/div>\n\t\t\t\t<\/div>\n\t\t\t\t<div class=\"elementor-element elementor-element-b8fcc8c elementor-widget elementor-widget-heading\" data-id=\"b8fcc8c\" data-element_type=\"widget\" data-widget_type=\"heading.default\">\n\t\t\t\t<div class=\"elementor-widget-container\">\n\t\t\t<h2 class=\"elementor-heading-title elementor-size-default\">22\u20ac<\/h2>\t\t<\/div>\n\t\t\t\t<\/div>\n\t\t\t\t<div class=\"elementor-element elementor-element-3e673f4 elementor-widget elementor-widget-text-editor\" data-id=\"3e673f4\" data-element_type=\"widget\" data-widget_type=\"text-editor.default\">\n\t\t\t\t<div class=\"elementor-widget-container\">\n\t\t\t\t\t\t\t\t<div class=\"elementor-text-editor elementor-clearfix\">\n\t\t\t\t<p><strong><b><img decoding=\"async\" class=\"emoji\" role=\"img\" draggable=\"false\" src=\"https:\/\/s.w.org\/images\/core\/emoji\/15.1.0\/svg\/1f3ab.svg\" alt=\"\ud83c\udfab\" \/>\u00a0<\/b>Tiquets disponibles ara \u2013 compra el teu a l&#8217;enlla\u00e7 seg\u00fcent.<\/strong><\/p>\t\t\t\t\t<\/div>\n\t\t\t\t\t\t<\/div>\n\t\t\t\t<\/div>\n\t\t\t\t<div class=\"elementor-element elementor-element-f334daf elementor-widget__width-initial elementor-widget elementor-widget-jet-button\" data-id=\"f334daf\" data-element_type=\"widget\" data-widget_type=\"jet-button.default\">\n\t\t\t\t<div class=\"elementor-widget-container\">\n\t\t\t<div class=\"elementor-jet-button jet-elements\"><div class=\"jet-button__container\">\n\t<a class=\"jet-button__instance jet-button__instance--icon-left hover-effect-0\" href=\"https:\/\/luthierdansa.com\/producto\/faculty-gala-2025\/\">\n\t\t<div class=\"jet-button__plane jet-button__plane-normal\"><\/div>\n\t\t<div class=\"jet-button__plane jet-button__plane-hover\"><\/div>\n\t\t<div class=\"jet-button__state jet-button__state-normal\">\n\t\t\t<span class=\"jet-button__label\">COMPRA LES TEVES ENTRADES<\/span>\t\t<\/div>\n\t\t<div class=\"jet-button__state jet-button__state-hover\">\n\t\t\t<span class=\"jet-button__label\">COMPRA LES TEVES ENTRADES<\/span>\t\t<\/div>\n\t<\/a>\n<\/div>\n<\/div>\t\t<\/div>\n\t\t\t\t<\/div>\n\t\t\t\t\t\t<\/div>\n\t\t\t\t\t<\/div>\n\t\t<\/div>\n\t\t\t\t\t\t\t\t<\/div>\n\t\t\t\t\t<\/div>\n\t\t<\/section>\n\t\t\t\t<section class=\"elementor-section elementor-inner-section elementor-element elementor-element-ed348a9 elementor-section-boxed elementor-section-height-default elementor-section-height-default\" data-id=\"ed348a9\" data-element_type=\"section\" data-settings=\"{&quot;jet_parallax_layout_list&quot;:[],&quot;background_background&quot;:&quot;classic&quot;}\">\n\t\t\t\t\t\t<div class=\"elementor-container elementor-column-gap-default\">\n\t\t\t\t\t\t\t<div class=\"elementor-row\">\n\t\t\t\t\t<div class=\"elementor-column elementor-col-50 elementor-inner-column elementor-element elementor-element-7f8962a\" data-id=\"7f8962a\" data-element_type=\"column\" data-settings=\"{&quot;background_background&quot;:&quot;classic&quot;}\">\n\t\t\t<div class=\"elementor-column-wrap elementor-element-populated\">\n\t\t\t\t\t\t\t<div class=\"elementor-widget-wrap\">\n\t\t\t\t\t\t<div class=\"elementor-element elementor-element-dd212a6 elementor-widget elementor-widget-spacer\" data-id=\"dd212a6\" data-element_type=\"widget\" data-widget_type=\"spacer.default\">\n\t\t\t\t<div class=\"elementor-widget-container\">\n\t\t\t\t\t<div class=\"elementor-spacer\">\n\t\t\t<div class=\"elementor-spacer-inner\"><\/div>\n\t\t<\/div>\n\t\t\t\t<\/div>\n\t\t\t\t<\/div>\n\t\t\t\t\t\t<\/div>\n\t\t\t\t\t<\/div>\n\t\t<\/div>\n\t\t\t\t<div class=\"elementor-column elementor-col-50 elementor-inner-column elementor-element elementor-element-ebc19da\" data-id=\"ebc19da\" data-element_type=\"column\">\n\t\t\t<div class=\"elementor-column-wrap elementor-element-populated\">\n\t\t\t\t\t\t\t<div class=\"elementor-widget-wrap\">\n\t\t\t\t\t\t<div class=\"elementor-element elementor-element-ef7170c elementor-widget elementor-widget-heading\" data-id=\"ef7170c\" data-element_type=\"widget\" data-widget_type=\"heading.default\">\n\t\t\t\t<div class=\"elementor-widget-container\">\n\t\t\t<h2 class=\"elementor-heading-title elementor-size-default\">FAREWELL DINNER<\/h2>\t\t<\/div>\n\t\t\t\t<\/div>\n\t\t\t\t<div class=\"elementor-element elementor-element-8705b07 elementor-widget elementor-widget-text-editor\" data-id=\"8705b07\" data-element_type=\"widget\" data-widget_type=\"text-editor.default\">\n\t\t\t\t<div class=\"elementor-widget-container\">\n\t\t\t\t\t\t\t\t<div class=\"elementor-text-editor elementor-clearfix\">\n\t\t\t\t<p><strong>Dissabte, 27 de juliol, 20:30h<\/strong><br \/><strong>Ubicaci\u00f3:<\/strong> Flamant Restaurant | c\/ Enrique Granados 23<\/p><p>\u00a0<\/p>\t\t\t\t\t<\/div>\n\t\t\t\t\t\t<\/div>\n\t\t\t\t<\/div>\n\t\t\t\t<div class=\"elementor-element elementor-element-8aef027 elementor-widget__width-initial elementor-widget elementor-widget-heading\" data-id=\"8aef027\" data-element_type=\"widget\" data-widget_type=\"heading.default\">\n\t\t\t\t<div class=\"elementor-widget-container\">\n\t\t\t<h2 class=\"elementor-heading-title elementor-size-default\">26\u20ac<\/h2>\t\t<\/div>\n\t\t\t\t<\/div>\n\t\t\t\t<div class=\"elementor-element elementor-element-dba7dd7 elementor-widget__width-initial elementor-widget elementor-widget-jet-button\" data-id=\"dba7dd7\" data-element_type=\"widget\" data-widget_type=\"jet-button.default\">\n\t\t\t\t<div class=\"elementor-widget-container\">\n\t\t\t<div class=\"elementor-jet-button jet-elements\"><div class=\"jet-button__container\">\n\t<a class=\"jet-button__instance jet-button__instance--icon-left hover-effect-0\" href=\"https:\/\/luthierdansa.com\/producto\/farewell-dinner-2025\/\">\n\t\t<div class=\"jet-button__plane jet-button__plane-normal\"><\/div>\n\t\t<div class=\"jet-button__plane jet-button__plane-hover\"><\/div>\n\t\t<div class=\"jet-button__state jet-button__state-normal\">\n\t\t\t<span class=\"jet-button__label\">RESERVA<\/span>\t\t<\/div>\n\t\t<div class=\"jet-button__state jet-button__state-hover\">\n\t\t\t<span class=\"jet-button__label\">RESERVE<\/span>\t\t<\/div>\n\t<\/a>\n<\/div>\n<\/div>\t\t<\/div>\n\t\t\t\t<\/div>\n\t\t\t\t\t\t<\/div>\n\t\t\t\t\t<\/div>\n\t\t<\/div>\n\t\t\t\t\t\t\t\t<\/div>\n\t\t\t\t\t<\/div>\n\t\t<\/section>\n\t\t\t\t\t\t<\/div>\n\t\t\t\t\t<\/div>\n\t\t<\/div>\n\t\t\t\t<div class=\"elementor-column elementor-col-50 elementor-top-column elementor-element elementor-element-d98d458\" data-id=\"d98d458\" data-element_type=\"column\">\n\t\t\t<div class=\"elementor-column-wrap\">\n\t\t\t\t\t\t\t<div class=\"elementor-widget-wrap\">\n\t\t\t\t\t\t\t\t<\/div>\n\t\t\t\t\t<\/div>\n\t\t<\/div>\n\t\t\t\t\t\t\t\t<\/div>\n\t\t\t\t\t<\/div>\n\t\t<\/section>\n\t\t\t\t\t\t\t\t\t<\/div>\n\t\t\t<\/div>\n\t\t\t\t\t<\/div>\n\t\t","protected":false},"excerpt":{"rendered":"<p>ESDEVENIMENTS Aprofita el descompte del 10% de l&#8217;Early Bird! Disponible fins el 16 de juny TAP JAM AL PARC DE LA CIUTADELLA Diumenge, 20 de juliol |\u00a016:00Ubicaci\u00f3: Parc de Ciutadella Uneix-te a una Tap Jam a l&#8217;aire lliure al Parc de la Ciutadella, una tradici\u00f3 de la comunitat de claqu\u00e9 de Barcelona, la manera perfecta [&hellip;]<\/p>\n","protected":false},"author":2,"featured_media":0,"parent":0,"menu_order":0,"comment_status":"closed","ping_status":"closed","template":"","meta":{"footnotes":""},"class_list":["post-2447","page","type-page","status-publish","hentry"],"yoast_head":"<!-- This site is optimized with the Yoast SEO plugin v21.5 - https:\/\/yoast.com\/wordpress\/plugins\/seo\/ -->\n<title>EVENTS - 4th Luthier Tap Festival<\/title>\n<meta name=\"robots\" content=\"index, follow, max-snippet:-1, max-image-preview:large, max-video-preview:-1\" \/>\n<link rel=\"canonical\" href=\"https:\/\/www.luthiertapfestival.com\/es\/events-es\/\" \/>\n<meta property=\"og:locale\" content=\"ca_ES\" \/>\n<meta property=\"og:type\" content=\"article\" \/>\n<meta property=\"og:title\" content=\"EVENTS - 4th Luthier Tap Festival\" \/>\n<meta property=\"og:description\" content=\"ESDEVENIMENTS Aprofita el descompte del 10% de l&#8217;Early Bird! Disponible fins el 16 de juny TAP JAM AL PARC DE LA CIUTADELLA Diumenge, 20 de juliol |\u00a016:00Ubicaci\u00f3: Parc de Ciutadella Uneix-te a una Tap Jam a l&#8217;aire lliure al Parc de la Ciutadella, una tradici\u00f3 de la comunitat de claqu\u00e9 de Barcelona, la manera perfecta [&hellip;]\" \/>\n<meta property=\"og:url\" content=\"https:\/\/www.luthiertapfestival.com\/es\/events-es\/\" \/>\n<meta property=\"og:site_name\" content=\"4th Luthier Tap Festival\" \/>\n<meta property=\"article:modified_time\" content=\"2025-07-08T12:08:57+00:00\" \/>\n<meta property=\"og:image\" content=\"https:\/\/s.w.org\/images\/core\/emoji\/15.0.3\/svg\/1f333.svg\" \/>\n<meta name=\"twitter:card\" content=\"summary_large_image\" \/>\n<meta name=\"twitter:label1\" content=\"Temps estimat de lectura\" \/>\n\t<meta name=\"twitter:data1\" content=\"10 minuts\" \/>\n<script type=\"application\/ld+json\" class=\"yoast-schema-graph\">{\"@context\":\"https:\/\/schema.org\",\"@graph\":[{\"@type\":\"WebPage\",\"@id\":\"https:\/\/www.luthiertapfestival.com\/es\/events-es\/\",\"url\":\"https:\/\/www.luthiertapfestival.com\/es\/events-es\/\",\"name\":\"EVENTS - 4th Luthier Tap Festival\",\"isPartOf\":{\"@id\":\"https:\/\/www.luthiertapfestival.com\/#website\"},\"datePublished\":\"2023-04-03T10:08:37+00:00\",\"dateModified\":\"2025-07-08T12:08:57+00:00\",\"breadcrumb\":{\"@id\":\"https:\/\/www.luthiertapfestival.com\/es\/events-es\/#breadcrumb\"},\"inLanguage\":\"ca\",\"potentialAction\":[{\"@type\":\"ReadAction\",\"target\":[\"https:\/\/www.luthiertapfestival.com\/es\/events-es\/\"]}]},{\"@type\":\"BreadcrumbList\",\"@id\":\"https:\/\/www.luthiertapfestival.com\/es\/events-es\/#breadcrumb\",\"itemListElement\":[{\"@type\":\"ListItem\",\"position\":1,\"name\":\"Home\",\"item\":\"https:\/\/www.luthiertapfestival.com\/ca\/\"},{\"@type\":\"ListItem\",\"position\":2,\"name\":\"EVENTS\"}]},{\"@type\":\"WebSite\",\"@id\":\"https:\/\/www.luthiertapfestival.com\/#website\",\"url\":\"https:\/\/www.luthiertapfestival.com\/\",\"name\":\"4th Luthier Tap Festival\",\"description\":\"Barcelona 20 - 26 July 2026\",\"publisher\":{\"@id\":\"https:\/\/www.luthiertapfestival.com\/#organization\"},\"potentialAction\":[{\"@type\":\"SearchAction\",\"target\":{\"@type\":\"EntryPoint\",\"urlTemplate\":\"https:\/\/www.luthiertapfestival.com\/?s={search_term_string}\"},\"query-input\":\"required name=search_term_string\"}],\"inLanguage\":\"ca\"},{\"@type\":\"Organization\",\"@id\":\"https:\/\/www.luthiertapfestival.com\/#organization\",\"name\":\"Luthier Tap Festival\",\"url\":\"https:\/\/www.luthiertapfestival.com\/\",\"logo\":{\"@type\":\"ImageObject\",\"inLanguage\":\"ca\",\"@id\":\"https:\/\/www.luthiertapfestival.com\/#\/schema\/logo\/image\/\",\"url\":\"https:\/\/www.luthiertapfestival.com\/wp-content\/uploads\/2024\/05\/LTF_logo_line_color.png\",\"contentUrl\":\"https:\/\/www.luthiertapfestival.com\/wp-content\/uploads\/2024\/05\/LTF_logo_line_color.png\",\"width\":4134,\"height\":772,\"caption\":\"Luthier Tap Festival\"},\"image\":{\"@id\":\"https:\/\/www.luthiertapfestival.com\/#\/schema\/logo\/image\/\"}}]}<\/script>\n<!-- \/ Yoast SEO plugin. -->","yoast_head_json":{"title":"EVENTS - 4th Luthier Tap Festival","robots":{"index":"index","follow":"follow","max-snippet":"max-snippet:-1","max-image-preview":"max-image-preview:large","max-video-preview":"max-video-preview:-1"},"canonical":"https:\/\/www.luthiertapfestival.com\/es\/events-es\/","og_locale":"ca_ES","og_type":"article","og_title":"EVENTS - 4th Luthier Tap Festival","og_description":"ESDEVENIMENTS Aprofita el descompte del 10% de l&#8217;Early Bird! Disponible fins el 16 de juny TAP JAM AL PARC DE LA CIUTADELLA Diumenge, 20 de juliol |\u00a016:00Ubicaci\u00f3: Parc de Ciutadella Uneix-te a una Tap Jam a l&#8217;aire lliure al Parc de la Ciutadella, una tradici\u00f3 de la comunitat de claqu\u00e9 de Barcelona, la manera perfecta [&hellip;]","og_url":"https:\/\/www.luthiertapfestival.com\/es\/events-es\/","og_site_name":"4th Luthier Tap Festival","article_modified_time":"2025-07-08T12:08:57+00:00","og_image":[{"url":"https:\/\/s.w.org\/images\/core\/emoji\/15.0.3\/svg\/1f333.svg"}],"twitter_card":"summary_large_image","twitter_misc":{"Temps estimat de lectura":"10 minuts"},"schema":{"@context":"https:\/\/schema.org","@graph":[{"@type":"WebPage","@id":"https:\/\/www.luthiertapfestival.com\/es\/events-es\/","url":"https:\/\/www.luthiertapfestival.com\/es\/events-es\/","name":"EVENTS - 4th Luthier Tap Festival","isPartOf":{"@id":"https:\/\/www.luthiertapfestival.com\/#website"},"datePublished":"2023-04-03T10:08:37+00:00","dateModified":"2025-07-08T12:08:57+00:00","breadcrumb":{"@id":"https:\/\/www.luthiertapfestival.com\/es\/events-es\/#breadcrumb"},"inLanguage":"ca","potentialAction":[{"@type":"ReadAction","target":["https:\/\/www.luthiertapfestival.com\/es\/events-es\/"]}]},{"@type":"BreadcrumbList","@id":"https:\/\/www.luthiertapfestival.com\/es\/events-es\/#breadcrumb","itemListElement":[{"@type":"ListItem","position":1,"name":"Home","item":"https:\/\/www.luthiertapfestival.com\/ca\/"},{"@type":"ListItem","position":2,"name":"EVENTS"}]},{"@type":"WebSite","@id":"https:\/\/www.luthiertapfestival.com\/#website","url":"https:\/\/www.luthiertapfestival.com\/","name":"4th Luthier Tap Festival","description":"Barcelona 20 - 26 July 2026","publisher":{"@id":"https:\/\/www.luthiertapfestival.com\/#organization"},"potentialAction":[{"@type":"SearchAction","target":{"@type":"EntryPoint","urlTemplate":"https:\/\/www.luthiertapfestival.com\/?s={search_term_string}"},"query-input":"required name=search_term_string"}],"inLanguage":"ca"},{"@type":"Organization","@id":"https:\/\/www.luthiertapfestival.com\/#organization","name":"Luthier Tap Festival","url":"https:\/\/www.luthiertapfestival.com\/","logo":{"@type":"ImageObject","inLanguage":"ca","@id":"https:\/\/www.luthiertapfestival.com\/#\/schema\/logo\/image\/","url":"https:\/\/www.luthiertapfestival.com\/wp-content\/uploads\/2024\/05\/LTF_logo_line_color.png","contentUrl":"https:\/\/www.luthiertapfestival.com\/wp-content\/uploads\/2024\/05\/LTF_logo_line_color.png","width":4134,"height":772,"caption":"Luthier Tap Festival"},"image":{"@id":"https:\/\/www.luthiertapfestival.com\/#\/schema\/logo\/image\/"}}]}},"_links":{"self":[{"href":"https:\/\/www.luthiertapfestival.com\/ca\/wp-json\/wp\/v2\/pages\/2447","targetHints":{"allow":["GET"]}}],"collection":[{"href":"https:\/\/www.luthiertapfestival.com\/ca\/wp-json\/wp\/v2\/pages"}],"about":[{"href":"https:\/\/www.luthiertapfestival.com\/ca\/wp-json\/wp\/v2\/types\/page"}],"author":[{"embeddable":true,"href":"https:\/\/www.luthiertapfestival.com\/ca\/wp-json\/wp\/v2\/users\/2"}],"replies":[{"embeddable":true,"href":"https:\/\/www.luthiertapfestival.com\/ca\/wp-json\/wp\/v2\/comments?post=2447"}],"version-history":[{"count":181,"href":"https:\/\/www.luthiertapfestival.com\/ca\/wp-json\/wp\/v2\/pages\/2447\/revisions"}],"predecessor-version":[{"id":9869,"href":"https:\/\/www.luthiertapfestival.com\/ca\/wp-json\/wp\/v2\/pages\/2447\/revisions\/9869"}],"wp:attachment":[{"href":"https:\/\/www.luthiertapfestival.com\/ca\/wp-json\/wp\/v2\/media?parent=2447"}],"curies":[{"name":"wp","href":"https:\/\/api.w.org\/{rel}","templated":true}]}}