{"id":2472,"date":"2023-04-03T11:31:02","date_gmt":"2023-04-03T11:31:02","guid":{"rendered":"https:\/\/www.luthiertapfestival.com\/faqs-ca\/"},"modified":"2025-07-17T11:22:40","modified_gmt":"2025-07-17T11:22:40","slug":"faqs-ca","status":"publish","type":"page","link":"https:\/\/www.luthiertapfestival.com\/ca\/faqs-ca\/","title":{"rendered":"FAQ&#8217;s"},"content":{"rendered":"\t\t<div data-elementor-type=\"wp-page\" data-elementor-id=\"2472\" class=\"elementor elementor-2472 elementor-498\">\n\t\t\t\t\t\t<div class=\"elementor-inner\">\n\t\t\t\t<div class=\"elementor-section-wrap\">\n\t\t\t\t\t\t\t\t\t<section class=\"elementor-section elementor-top-section elementor-element elementor-element-059e4c0 elementor-section-height-min-height elementor-section-boxed elementor-section-height-default elementor-section-items-middle\" data-id=\"059e4c0\" data-element_type=\"section\" data-settings=\"{&quot;background_background&quot;:&quot;classic&quot;,&quot;jet_parallax_layout_list&quot;:[]}\">\n\t\t\t\t\t\t\t<div class=\"elementor-background-overlay\"><\/div>\n\t\t\t\t\t\t\t<div class=\"elementor-container elementor-column-gap-default\">\n\t\t\t\t\t\t\t<div class=\"elementor-row\">\n\t\t\t\t\t<div class=\"elementor-column elementor-col-100 elementor-top-column elementor-element elementor-element-5b43980 elementor-invisible\" data-id=\"5b43980\" data-element_type=\"column\" data-settings=\"{&quot;animation&quot;:&quot;fadeInUp&quot;}\">\n\t\t\t<div class=\"elementor-column-wrap elementor-element-populated\">\n\t\t\t\t\t\t\t<div class=\"elementor-widget-wrap\">\n\t\t\t\t\t\t<div class=\"elementor-element elementor-element-48f1202 elementor-widget__width-initial elementor-widget elementor-widget-heading\" data-id=\"48f1202\" data-element_type=\"widget\" data-widget_type=\"heading.default\">\n\t\t\t\t<div class=\"elementor-widget-container\">\n\t\t\t<h1 class=\"elementor-heading-title elementor-size-default\">FAQ\u2019s (Preguntes freq\u00fcents)<\/h1>\t\t<\/div>\n\t\t\t\t<\/div>\n\t\t\t\t\t\t<\/div>\n\t\t\t\t\t<\/div>\n\t\t<\/div>\n\t\t\t\t\t\t\t\t<\/div>\n\t\t\t\t\t<\/div>\n\t\t<\/section>\n\t\t\t\t<section class=\"elementor-section elementor-top-section elementor-element elementor-element-4d08dd7 elementor-section-boxed elementor-section-height-default elementor-section-height-default\" data-id=\"4d08dd7\" data-element_type=\"section\" data-settings=\"{&quot;jet_parallax_layout_list&quot;:[],&quot;background_background&quot;:&quot;classic&quot;}\">\n\t\t\t\t\t\t<div class=\"elementor-container elementor-column-gap-default\">\n\t\t\t\t\t\t\t<div class=\"elementor-row\">\n\t\t\t\t\t<div class=\"elementor-column elementor-col-100 elementor-top-column elementor-element elementor-element-eaf7e72\" data-id=\"eaf7e72\" data-element_type=\"column\">\n\t\t\t<div class=\"elementor-column-wrap elementor-element-populated\">\n\t\t\t\t\t\t\t<div class=\"elementor-widget-wrap\">\n\t\t\t\t\t\t<div class=\"elementor-element elementor-element-4b1c710 elementor-widget elementor-widget-jet-tabs\" data-id=\"4b1c710\" data-element_type=\"widget\" data-settings=\"{&quot;tabs_position&quot;:&quot;top&quot;,&quot;no_active_tabs&quot;:&quot;false&quot;}\" data-widget_type=\"jet-tabs.default\">\n\t\t\t\t<div class=\"elementor-widget-container\">\n\t\t\t\t\t<div class=\"jet-tabs jet-tabs-position-top jet-tabs-move-up-effect \" data-settings=\"{&quot;activeIndex&quot;:0,&quot;event&quot;:&quot;click&quot;,&quot;autoSwitch&quot;:false,&quot;autoSwitchDelay&quot;:3000,&quot;ajaxTemplate&quot;:false,&quot;tabsPosition&quot;:&quot;top&quot;,&quot;switchScrolling&quot;:false,&quot;switchScrollingOffset&quot;:0}\" role=\"tablist\">\n\t\t\t<div class=\"jet-tabs__control-wrapper\">\n\t\t\t\t<div id=\"jet-tabs-control-7871\" class=\"jet-tabs__control jet-tabs__control-icon-left elementor-menu-anchor active-tab\" data-tab=\"1\" tabindex=\"0\" role=\"tab\" aria-controls=\"jet-tabs-content-7871\" aria-expanded=\"true\" data-template-id=\"612\"><div class=\"jet-tabs__control-inner\"><div class=\"jet-tabs__label-text\">INFORMACI\u00d3 GENERAL SOBRE EL LTF<\/div><\/div><\/div><div id=\"jet-tabs-control-7872\" class=\"jet-tabs__control jet-tabs__control-icon-left elementor-menu-anchor \" data-tab=\"2\" tabindex=\"0\" role=\"tab\" aria-controls=\"jet-tabs-content-7872\" aria-expanded=\"false\" data-template-id=\"621\"><div class=\"jet-tabs__control-inner\"><div class=\"jet-tabs__label-text\">CLASSES I ACTES ESPECIALS<\/div><\/div><\/div><div id=\"jet-tabs-control-7873\" class=\"jet-tabs__control jet-tabs__control-icon-left elementor-menu-anchor \" data-tab=\"3\" tabindex=\"0\" role=\"tab\" aria-controls=\"jet-tabs-content-7873\" aria-expanded=\"false\" data-template-id=\"628\"><div class=\"jet-tabs__control-inner\"><div class=\"jet-tabs__label-text\">TOT SOBRE ELS NIVELLS<\/div><\/div><\/div><div id=\"jet-tabs-control-7874\" class=\"jet-tabs__control jet-tabs__control-icon-left elementor-menu-anchor \" data-tab=\"4\" tabindex=\"0\" role=\"tab\" aria-controls=\"jet-tabs-content-7874\" aria-expanded=\"false\" data-template-id=\"637\"><div class=\"jet-tabs__control-inner\"><div class=\"jet-tabs__label-text\">LOG\u00cdSTICA I ALLOTJAMENT<\/div><\/div><\/div>\t\t\t<\/div>\n\t\t\t<div class=\"jet-tabs__content-wrapper\">\n\t\t\t\t<div id=\"jet-tabs-content-7871\" class=\"jet-tabs__content active-content\" data-tab=\"1\" role=\"tabpanel\" aria-hidden=\"false\" data-template-id=\"612\">\t\t<div data-elementor-type=\"section\" data-elementor-id=\"2736\" class=\"elementor elementor-2736 elementor-612\">\n\t\t\t\t\t<div class=\"elementor-section-wrap\">\n\t\t\t\t\t\t\t\t<section class=\"elementor-section elementor-top-section elementor-element elementor-element-65685ad elementor-section-boxed elementor-section-height-default elementor-section-height-default\" data-id=\"65685ad\" data-element_type=\"section\" data-settings=\"{&quot;jet_parallax_layout_list&quot;:[]}\">\n\t\t\t\t\t\t<div class=\"elementor-container elementor-column-gap-default\">\n\t\t\t\t\t\t\t<div class=\"elementor-row\">\n\t\t\t\t\t<div class=\"elementor-column elementor-col-100 elementor-top-column elementor-element elementor-element-120ff81\" data-id=\"120ff81\" data-element_type=\"column\">\n\t\t\t<div class=\"elementor-column-wrap elementor-element-populated\">\n\t\t\t\t\t\t\t<div class=\"elementor-widget-wrap\">\n\t\t\t\t\t\t<div class=\"elementor-element elementor-element-f4e9f7f elementor-widget__width-initial elementor-widget elementor-widget-toggle\" data-id=\"f4e9f7f\" data-element_type=\"widget\" data-widget_type=\"toggle.default\">\n\t\t\t\t<div class=\"elementor-widget-container\">\n\t\t\t\t\t<div class=\"elementor-toggle\">\n\t\t\t\t\t\t\t<div class=\"elementor-toggle-item\">\n\t\t\t\t\t<div id=\"elementor-tab-title-2561\" class=\"elementor-tab-title\" data-tab=\"1\" role=\"button\" aria-controls=\"elementor-tab-content-2561\" aria-expanded=\"false\">\n\t\t\t\t\t\t\t\t\t\t\t\t<span class=\"elementor-toggle-icon elementor-toggle-icon-right\" aria-hidden=\"true\">\n\t\t\t\t\t\t\t\t\t\t\t\t\t\t\t<span class=\"elementor-toggle-icon-closed\"><i class=\"fas fa-plus\"><\/i><\/span>\n\t\t\t\t\t\t\t\t<span class=\"elementor-toggle-icon-opened\"><i class=\"elementor-toggle-icon-opened fas fa-minus\"><\/i><\/span>\n\t\t\t\t\t\t\t\t\t\t\t\t\t<\/span>\n\t\t\t\t\t\t\t\t\t\t\t\t<a class=\"elementor-toggle-title\" tabindex=\"0\">Hi ha un l\u00edmit d\u2019edat per participar a l\u2019esdeveniment?<\/a>\n\t\t\t\t\t<\/div>\n\n\t\t\t\t\t<div id=\"elementor-tab-content-2561\" class=\"elementor-tab-content elementor-clearfix\" data-tab=\"1\" role=\"region\" aria-labelledby=\"elementor-tab-title-2561\"><p><span style=\"font-weight: 400;\">No! El nostre festival \u00e9s un esdeveniment per a totes les edats i no hi ha restriccions de cap tipus per les classes o els esdeveniments programats, tothom \u00e9s benvingut! <\/span><\/p>\n<\/div>\n\t\t\t\t<\/div>\n\t\t\t\t\t\t\t<div class=\"elementor-toggle-item\">\n\t\t\t\t\t<div id=\"elementor-tab-title-2562\" class=\"elementor-tab-title\" data-tab=\"2\" role=\"button\" aria-controls=\"elementor-tab-content-2562\" aria-expanded=\"false\">\n\t\t\t\t\t\t\t\t\t\t\t\t<span class=\"elementor-toggle-icon elementor-toggle-icon-right\" aria-hidden=\"true\">\n\t\t\t\t\t\t\t\t\t\t\t\t\t\t\t<span class=\"elementor-toggle-icon-closed\"><i class=\"fas fa-plus\"><\/i><\/span>\n\t\t\t\t\t\t\t\t<span class=\"elementor-toggle-icon-opened\"><i class=\"elementor-toggle-icon-opened fas fa-minus\"><\/i><\/span>\n\t\t\t\t\t\t\t\t\t\t\t\t\t<\/span>\n\t\t\t\t\t\t\t\t\t\t\t\t<a class=\"elementor-toggle-title\" tabindex=\"0\">Qu\u00e8 he de portar al festival?<\/a>\n\t\t\t\t\t<\/div>\n\n\t\t\t\t\t<div id=\"elementor-tab-content-2562\" class=\"elementor-tab-content elementor-clearfix\" data-tab=\"2\" role=\"region\" aria-labelledby=\"elementor-tab-title-2562\"><p>Sabates de claqu\u00e9, aigua, menjar, tirites, roba c\u00f2moda, quadern, bol\u00edgraf i banyador si trobes un moment lliure per anar a la platja. <\/p>\n<\/div>\n\t\t\t\t<\/div>\n\t\t\t\t\t\t\t<div class=\"elementor-toggle-item\">\n\t\t\t\t\t<div id=\"elementor-tab-title-2563\" class=\"elementor-tab-title\" data-tab=\"3\" role=\"button\" aria-controls=\"elementor-tab-content-2563\" aria-expanded=\"false\">\n\t\t\t\t\t\t\t\t\t\t\t\t<span class=\"elementor-toggle-icon elementor-toggle-icon-right\" aria-hidden=\"true\">\n\t\t\t\t\t\t\t\t\t\t\t\t\t\t\t<span class=\"elementor-toggle-icon-closed\"><i class=\"fas fa-plus\"><\/i><\/span>\n\t\t\t\t\t\t\t\t<span class=\"elementor-toggle-icon-opened\"><i class=\"elementor-toggle-icon-opened fas fa-minus\"><\/i><\/span>\n\t\t\t\t\t\t\t\t\t\t\t\t\t<\/span>\n\t\t\t\t\t\t\t\t\t\t\t\t<a class=\"elementor-toggle-title\" tabindex=\"0\">Quines s\u00f3n les normes del Festival sobre la presa de fotografies i gravaci\u00f3?<\/a>\n\t\t\t\t\t<\/div>\n\n\t\t\t\t\t<div id=\"elementor-tab-content-2563\" class=\"elementor-tab-content elementor-clearfix\" data-tab=\"3\" role=\"region\" aria-labelledby=\"elementor-tab-title-2563\"><p>No est\u00e0 perm\u00e8s filmar ni fer fotos durant les classes, llevat que el professor ho autoritzi.<br \/>No dubteu a fer fotos i filmar la Jam Session, el Concurs de Tall i la Xerrada de Claqu\u00e9.<br \/>No es permet filmar ni fotografiar durant els actes teatrals.<\/p>\n<p>El festival comptar\u00e0 amb un equip que filmar\u00e0 i enregistrar\u00e0 tot l&#8217;esdeveniment.<\/p>\n<\/div>\n\t\t\t\t<\/div>\n\t\t\t\t\t\t\t<div class=\"elementor-toggle-item\">\n\t\t\t\t\t<div id=\"elementor-tab-title-2564\" class=\"elementor-tab-title\" data-tab=\"4\" role=\"button\" aria-controls=\"elementor-tab-content-2564\" aria-expanded=\"false\">\n\t\t\t\t\t\t\t\t\t\t\t\t<span class=\"elementor-toggle-icon elementor-toggle-icon-right\" aria-hidden=\"true\">\n\t\t\t\t\t\t\t\t\t\t\t\t\t\t\t<span class=\"elementor-toggle-icon-closed\"><i class=\"fas fa-plus\"><\/i><\/span>\n\t\t\t\t\t\t\t\t<span class=\"elementor-toggle-icon-opened\"><i class=\"elementor-toggle-icon-opened fas fa-minus\"><\/i><\/span>\n\t\t\t\t\t\t\t\t\t\t\t\t\t<\/span>\n\t\t\t\t\t\t\t\t\t\t\t\t<a class=\"elementor-toggle-title\" tabindex=\"0\">Quins s\u00f3n els descomptes disponibles per inscriure's?<\/a>\n\t\t\t\t\t<\/div>\n\n\t\t\t\t\t<div id=\"elementor-tab-content-2564\" class=\"elementor-tab-content elementor-clearfix\" data-tab=\"4\" role=\"region\" aria-labelledby=\"elementor-tab-title-2564\"><p>EARLY BIRD | PER A INSCRIPCIONS FINS AL 15 DE JUNY DE 2024<\/p>\n<p>Moltes classes s&#8217;ompliran r\u00e0pidament, aix\u00ed que assegureu-vos d\u2019inscriure-us aviat.<\/p>\n<ul>\n<li>10% Descompte: per al p\u00fablic en general.<\/li>\n<li>20% de descompte: per a estudiants de Luthier.<\/li>\n<li>30% Descompte: per a antics alumnes del Programa Professional de Luthier.<\/li>\n<\/ul>\n<p>DESCOMPTES REGULARS | PER A INSCRIPCIONS COMPLETES A PARTIR DEL JUNY 16TH, 2024<\/p>\n<ul>\n<li>10% Descompte: per alumnes de Luthier.<\/li>\n<li>20% Descompte: per a antics alumnes del Programa Professional de Claqu\u00e9 de Luthier<\/li>\n<\/ul>\n<p>*Totes les inscripcions han d&#8217;estar pagades i completes per tal que s&#8217;apliqui el descompte, del contrari s&#8217;aplicar\u00e0 el preu complet.<\/p>\n<\/div>\n\t\t\t\t<\/div>\n\t\t\t\t\t\t\t<div class=\"elementor-toggle-item\">\n\t\t\t\t\t<div id=\"elementor-tab-title-2565\" class=\"elementor-tab-title\" data-tab=\"5\" role=\"button\" aria-controls=\"elementor-tab-content-2565\" aria-expanded=\"false\">\n\t\t\t\t\t\t\t\t\t\t\t\t<span class=\"elementor-toggle-icon elementor-toggle-icon-right\" aria-hidden=\"true\">\n\t\t\t\t\t\t\t\t\t\t\t\t\t\t\t<span class=\"elementor-toggle-icon-closed\"><i class=\"fas fa-plus\"><\/i><\/span>\n\t\t\t\t\t\t\t\t<span class=\"elementor-toggle-icon-opened\"><i class=\"elementor-toggle-icon-opened fas fa-minus\"><\/i><\/span>\n\t\t\t\t\t\t\t\t\t\t\t\t\t<\/span>\n\t\t\t\t\t\t\t\t\t\t\t\t<a class=\"elementor-toggle-title\" tabindex=\"0\">Com puc assegurar la meva pla\u00e7a a les classes?<\/a>\n\t\t\t\t\t<\/div>\n\n\t\t\t\t\t<div id=\"elementor-tab-content-2565\" class=\"elementor-tab-content elementor-clearfix\" data-tab=\"5\" role=\"region\" aria-labelledby=\"elementor-tab-title-2565\"><p>Un cop rebem la teva inscripci\u00f3, t\u2019enviarem un correu electr\u00f2nic de confirmaci\u00f3. La teva pla\u00e7a nom\u00e9s estar\u00e0 garantida al 100% quan rebem el pagament.<\/p>\n<\/div>\n\t\t\t\t<\/div>\n\t\t\t\t\t\t\t<div class=\"elementor-toggle-item\">\n\t\t\t\t\t<div id=\"elementor-tab-title-2566\" class=\"elementor-tab-title\" data-tab=\"6\" role=\"button\" aria-controls=\"elementor-tab-content-2566\" aria-expanded=\"false\">\n\t\t\t\t\t\t\t\t\t\t\t\t<span class=\"elementor-toggle-icon elementor-toggle-icon-right\" aria-hidden=\"true\">\n\t\t\t\t\t\t\t\t\t\t\t\t\t\t\t<span class=\"elementor-toggle-icon-closed\"><i class=\"fas fa-plus\"><\/i><\/span>\n\t\t\t\t\t\t\t\t<span class=\"elementor-toggle-icon-opened\"><i class=\"elementor-toggle-icon-opened fas fa-minus\"><\/i><\/span>\n\t\t\t\t\t\t\t\t\t\t\t\t\t<\/span>\n\t\t\t\t\t\t\t\t\t\t\t\t<a class=\"elementor-toggle-title\" tabindex=\"0\">Com em puc posar en contacte amb l'organitzaci\u00f3 del festival?<\/a>\n\t\t\t\t\t<\/div>\n\n\t\t\t\t\t<div id=\"elementor-tab-content-2566\" class=\"elementor-tab-content elementor-clearfix\" data-tab=\"6\" role=\"region\" aria-labelledby=\"elementor-tab-title-2566\"><p>Posa&#8217;t en contacte amb nosaltres en qualsevol moment per correu electr\u00f2nic ltf@luthiertapfestival.com o a +34 93 4513138 de 9h a 20h.<\/p>\n<\/div>\n\t\t\t\t<\/div>\n\t\t\t\t\t\t\t<div class=\"elementor-toggle-item\">\n\t\t\t\t\t<div id=\"elementor-tab-title-2567\" class=\"elementor-tab-title\" data-tab=\"7\" role=\"button\" aria-controls=\"elementor-tab-content-2567\" aria-expanded=\"false\">\n\t\t\t\t\t\t\t\t\t\t\t\t<span class=\"elementor-toggle-icon elementor-toggle-icon-right\" aria-hidden=\"true\">\n\t\t\t\t\t\t\t\t\t\t\t\t\t\t\t<span class=\"elementor-toggle-icon-closed\"><i class=\"fas fa-plus\"><\/i><\/span>\n\t\t\t\t\t\t\t\t<span class=\"elementor-toggle-icon-opened\"><i class=\"elementor-toggle-icon-opened fas fa-minus\"><\/i><\/span>\n\t\t\t\t\t\t\t\t\t\t\t\t\t<\/span>\n\t\t\t\t\t\t\t\t\t\t\t\t<a class=\"elementor-toggle-title\" tabindex=\"0\">Hi ha altres descomptes relacionats amb el Festival?<\/a>\n\t\t\t\t\t<\/div>\n\n\t\t\t\t\t<div id=\"elementor-tab-content-2567\" class=\"elementor-tab-content elementor-clearfix\" data-tab=\"7\" role=\"region\" aria-labelledby=\"elementor-tab-title-2567\"><p>Tens un 10% de descompte en totes les teves comandes a Seven Kitchen &amp; Bar&#8221;. El restaurant es troba a Balmes 64.<\/p>\n<\/div>\n\t\t\t\t<\/div>\n\t\t\t\t\t\t\t\t<\/div>\n\t\t\t\t<\/div>\n\t\t\t\t<\/div>\n\t\t\t\t\t\t<\/div>\n\t\t\t\t\t<\/div>\n\t\t<\/div>\n\t\t\t\t\t\t\t\t<\/div>\n\t\t\t\t\t<\/div>\n\t\t<\/section>\n\t\t\t\t\t\t\t<\/div>\n\t\t\t\t<\/div>\n\t\t<\/div><div id=\"jet-tabs-content-7872\" class=\"jet-tabs__content \" data-tab=\"2\" role=\"tabpanel\" aria-hidden=\"true\" data-template-id=\"621\">\t\t<div data-elementor-type=\"section\" data-elementor-id=\"2730\" class=\"elementor elementor-2730 elementor-621\">\n\t\t\t\t\t<div class=\"elementor-section-wrap\">\n\t\t\t\t\t\t\t\t<section class=\"elementor-section elementor-top-section elementor-element elementor-element-f463c65 elementor-section-boxed elementor-section-height-default elementor-section-height-default\" data-id=\"f463c65\" data-element_type=\"section\" data-settings=\"{&quot;jet_parallax_layout_list&quot;:[]}\">\n\t\t\t\t\t\t<div class=\"elementor-container elementor-column-gap-default\">\n\t\t\t\t\t\t\t<div class=\"elementor-row\">\n\t\t\t\t\t<div class=\"elementor-column elementor-col-100 elementor-top-column elementor-element elementor-element-96c3d69\" data-id=\"96c3d69\" data-element_type=\"column\">\n\t\t\t<div class=\"elementor-column-wrap elementor-element-populated\">\n\t\t\t\t\t\t\t<div class=\"elementor-widget-wrap\">\n\t\t\t\t\t\t<div class=\"elementor-element elementor-element-5b247d1 elementor-widget__width-initial elementor-widget elementor-widget-toggle\" data-id=\"5b247d1\" data-element_type=\"widget\" data-widget_type=\"toggle.default\">\n\t\t\t\t<div class=\"elementor-widget-container\">\n\t\t\t\t\t<div class=\"elementor-toggle\">\n\t\t\t\t\t\t\t<div class=\"elementor-toggle-item\">\n\t\t\t\t\t<div id=\"elementor-tab-title-9551\" class=\"elementor-tab-title\" data-tab=\"1\" role=\"button\" aria-controls=\"elementor-tab-content-9551\" aria-expanded=\"false\">\n\t\t\t\t\t\t\t\t\t\t\t\t<span class=\"elementor-toggle-icon elementor-toggle-icon-right\" aria-hidden=\"true\">\n\t\t\t\t\t\t\t\t\t\t\t\t\t\t\t<span class=\"elementor-toggle-icon-closed\"><i class=\"fas fa-plus\"><\/i><\/span>\n\t\t\t\t\t\t\t\t<span class=\"elementor-toggle-icon-opened\"><i class=\"elementor-toggle-icon-opened fas fa-minus\"><\/i><\/span>\n\t\t\t\t\t\t\t\t\t\t\t\t\t<\/span>\n\t\t\t\t\t\t\t\t\t\t\t\t<a class=\"elementor-toggle-title\" tabindex=\"0\">Qu\u00e8 s\u00f3n les resid\u00e8ncies?<\/a>\n\t\t\t\t\t<\/div>\n\n\t\t\t\t\t<div id=\"elementor-tab-content-9551\" class=\"elementor-tab-content elementor-clearfix\" data-tab=\"1\" role=\"region\" aria-labelledby=\"elementor-tab-title-9551\"><p>Les resid\u00e8ncies s\u00f3n classes intensives de 75 minuts cada dia durant 5 dies amb el professor o professors de la teva elecci\u00f3. La const\u00e0ncia de ser a la mateixa classe durant tota una setmana et proporcionar\u00e0 grans possibilitats d&#8217;aprenentatge i connexi\u00f3 amb l&#8217;estil i els coneixements del professor.<br \/>\nPer beneficiar-te de l&#8217;equip plural de professors que tenim, t&#8217;animem a fer tantes resid\u00e8ncies com et sigui possible. Cadasc\u00fa aportar\u00e0 el seu enfocament individual a les classes.<\/p>\n<\/div>\n\t\t\t\t<\/div>\n\t\t\t\t\t\t\t<div class=\"elementor-toggle-item\">\n\t\t\t\t\t<div id=\"elementor-tab-title-9552\" class=\"elementor-tab-title\" data-tab=\"2\" role=\"button\" aria-controls=\"elementor-tab-content-9552\" aria-expanded=\"false\">\n\t\t\t\t\t\t\t\t\t\t\t\t<span class=\"elementor-toggle-icon elementor-toggle-icon-right\" aria-hidden=\"true\">\n\t\t\t\t\t\t\t\t\t\t\t\t\t\t\t<span class=\"elementor-toggle-icon-closed\"><i class=\"fas fa-plus\"><\/i><\/span>\n\t\t\t\t\t\t\t\t<span class=\"elementor-toggle-icon-opened\"><i class=\"elementor-toggle-icon-opened fas fa-minus\"><\/i><\/span>\n\t\t\t\t\t\t\t\t\t\t\t\t\t<\/span>\n\t\t\t\t\t\t\t\t\t\t\t\t<a class=\"elementor-toggle-title\" tabindex=\"0\">En qu\u00e8 consisteixen les Masterclasses (classes magistrals)?<\/a>\n\t\t\t\t\t<\/div>\n\n\t\t\t\t\t<div id=\"elementor-tab-content-9552\" class=\"elementor-tab-content elementor-clearfix\" data-tab=\"2\" role=\"region\" aria-labelledby=\"elementor-tab-title-9552\"><p>Les masterclasses s\u00f3n classes de 60 minuts entre setmana i 85 minuts els caps de semana on podr\u00e0s tenir una curta per\u00f2 intensa experi\u00e8ncia amb el professor que tri\u00efs. Fes una ullada al nostre horari i escolliu les classes entre els nostres professors nacionals i internacionals de claqu\u00e9 i tamb\u00e9 classes de percussi\u00f3 corporal. Tenen lloc durant el cap de setmana just despr\u00e9s de l&#8217;horari principal de la resid\u00e8ncia.<\/p><\/div>\n\t\t\t\t<\/div>\n\t\t\t\t\t\t\t<div class=\"elementor-toggle-item\">\n\t\t\t\t\t<div id=\"elementor-tab-title-9553\" class=\"elementor-tab-title\" data-tab=\"3\" role=\"button\" aria-controls=\"elementor-tab-content-9553\" aria-expanded=\"false\">\n\t\t\t\t\t\t\t\t\t\t\t\t<span class=\"elementor-toggle-icon elementor-toggle-icon-right\" aria-hidden=\"true\">\n\t\t\t\t\t\t\t\t\t\t\t\t\t\t\t<span class=\"elementor-toggle-icon-closed\"><i class=\"fas fa-plus\"><\/i><\/span>\n\t\t\t\t\t\t\t\t<span class=\"elementor-toggle-icon-opened\"><i class=\"elementor-toggle-icon-opened fas fa-minus\"><\/i><\/span>\n\t\t\t\t\t\t\t\t\t\t\t\t\t<\/span>\n\t\t\t\t\t\t\t\t\t\t\t\t<a class=\"elementor-toggle-title\" tabindex=\"0\">On puc obtenir m\u00e9s informaci\u00f3 sobre el professorat i el seu estil de claqu\u00e9?<\/a>\n\t\t\t\t\t<\/div>\n\n\t\t\t\t\t<div id=\"elementor-tab-content-9553\" class=\"elementor-tab-content elementor-clearfix\" data-tab=\"3\" role=\"region\" aria-labelledby=\"elementor-tab-title-9553\"><p>Visita la nostra <a href=\"https:\/\/www.luthiertapfestival.com\/ca\/teachers-ca\/\">p\u00e0gina de professors<\/a> al lloc web per veure biografies i v\u00eddeos de cada un dels nostres professors.<\/p>\n<\/div>\n\t\t\t\t<\/div>\n\t\t\t\t\t\t\t<div class=\"elementor-toggle-item\">\n\t\t\t\t\t<div id=\"elementor-tab-title-9554\" class=\"elementor-tab-title\" data-tab=\"4\" role=\"button\" aria-controls=\"elementor-tab-content-9554\" aria-expanded=\"false\">\n\t\t\t\t\t\t\t\t\t\t\t\t<span class=\"elementor-toggle-icon elementor-toggle-icon-right\" aria-hidden=\"true\">\n\t\t\t\t\t\t\t\t\t\t\t\t\t\t\t<span class=\"elementor-toggle-icon-closed\"><i class=\"fas fa-plus\"><\/i><\/span>\n\t\t\t\t\t\t\t\t<span class=\"elementor-toggle-icon-opened\"><i class=\"elementor-toggle-icon-opened fas fa-minus\"><\/i><\/span>\n\t\t\t\t\t\t\t\t\t\t\t\t\t<\/span>\n\t\t\t\t\t\t\t\t\t\t\t\t<a class=\"elementor-toggle-title\" tabindex=\"0\">Qu\u00e8 \u00e9s l'TAP TALK?<\/a>\n\t\t\t\t\t<\/div>\n\n\t\t\t\t\t<div id=\"elementor-tab-content-9554\" class=\"elementor-tab-content elementor-clearfix\" data-tab=\"4\" role=\"region\" aria-labelledby=\"elementor-tab-title-9554\"><div>Presentat per <strong>Nazaire Sambou<\/strong> i <strong>Gisela Noguero.<\/strong><\/div>\n<div><strong><br><\/strong><\/div>\n<div><p style=\"font-weight: 400;\">\u00c9s ben sabut, que <strong>el tap i el jazz tenen els seus or\u00edgens en els ritmes i les tradicions africanes<\/strong>. Per\u00f2 realment sabem alguna cosa m\u00e9s enll\u00e0 d\u2019aix\u00f2?&nbsp;<\/p><p style=\"font-weight: 400;\">En aquesta tap talk, ens anem de ple a la regi\u00f3 de <strong>Casamance<\/strong>, en el sud del <strong>Senegal<\/strong>. Una regi\u00f3 que <strong>conserva les seves tradicions, la seva m\u00fasica i dansa<\/strong>, malgrat les cultures externes que han intentat establir-se en el lloc.<\/p><p style=\"font-weight: 400;\">La\n nostra intenci\u00f3 \u00e9s esbrinar quin ha estat l\u2019impacte d\u2019aquestes \ntradicions m\u00e9s aut\u00e8ntiques en la creaci\u00f3 posterior del que avui cridem \ntap dansi.<\/p><p style=\"font-weight: 400;\">La xerrada anir\u00e0 acompanyada de v\u00eddeos sobre la <strong>cultura djiola de la Casamance<\/strong> i tindrem de ponent principal a <strong>Nazaire Sambou<\/strong> on ens ensenyar\u00e0 de primera m\u00e0 les danses i els ritmes del seu poble natal.<\/p><\/div><\/div>\n\t\t\t\t<\/div>\n\t\t\t\t\t\t\t<div class=\"elementor-toggle-item\">\n\t\t\t\t\t<div id=\"elementor-tab-title-9555\" class=\"elementor-tab-title\" data-tab=\"5\" role=\"button\" aria-controls=\"elementor-tab-content-9555\" aria-expanded=\"false\">\n\t\t\t\t\t\t\t\t\t\t\t\t<span class=\"elementor-toggle-icon elementor-toggle-icon-right\" aria-hidden=\"true\">\n\t\t\t\t\t\t\t\t\t\t\t\t\t\t\t<span class=\"elementor-toggle-icon-closed\"><i class=\"fas fa-plus\"><\/i><\/span>\n\t\t\t\t\t\t\t\t<span class=\"elementor-toggle-icon-opened\"><i class=\"elementor-toggle-icon-opened fas fa-minus\"><\/i><\/span>\n\t\t\t\t\t\t\t\t\t\t\t\t\t<\/span>\n\t\t\t\t\t\t\t\t\t\t\t\t<a class=\"elementor-toggle-title\" tabindex=\"0\">Qu\u00e8 \u00e9s LA VIDA \u00c9S RITME, show de Camut Band?<\/a>\n\t\t\t\t\t<\/div>\n\n\t\t\t\t\t<div id=\"elementor-tab-content-9555\" class=\"elementor-tab-content elementor-clearfix\" data-tab=\"5\" role=\"region\" aria-labelledby=\"elementor-tab-title-9555\"><p>LA VIDA \u00c9S RITME \u00e9s un espectacle de CAMUT BAND on es barregen la<br>\npercussi\u00f3 africana, el tap dance, la veu i el ball sobre sorra i on els<br>\nint\u00e8rprets juguen amb els seus papers, intercanviant habilitats i ritmes<br>\n per a aconseguir un espectacle original, fresc, sorprenent i tan ple<br>\nd\u2019energia que fa que els espectadors tinguin ganes d\u2019aixecar-se i<br>\nficar-se a ballar, encisats per la m\u00e0gia de l\u2019escenari.<\/p>\n<p>LA VIDA \u00c9S RITME ha estat creat per Camut Band i ha estat rodant arreu del m\u00f3n<br>\nrecollint aplaudiments i elogis de tots els p\u00fablics. En ell es fusionen<br>\nles t\u00e8cniques del claqu\u00e9 m\u00e9s modern amb la percussi\u00f3 de diferents<br>\ncultures, obtenint un espectacle original i diferent.<\/p>\n<p><\/p><\/div>\n\t\t\t\t<\/div>\n\t\t\t\t\t\t\t<div class=\"elementor-toggle-item\">\n\t\t\t\t\t<div id=\"elementor-tab-title-9556\" class=\"elementor-tab-title\" data-tab=\"6\" role=\"button\" aria-controls=\"elementor-tab-content-9556\" aria-expanded=\"false\">\n\t\t\t\t\t\t\t\t\t\t\t\t<span class=\"elementor-toggle-icon elementor-toggle-icon-right\" aria-hidden=\"true\">\n\t\t\t\t\t\t\t\t\t\t\t\t\t\t\t<span class=\"elementor-toggle-icon-closed\"><i class=\"fas fa-plus\"><\/i><\/span>\n\t\t\t\t\t\t\t\t<span class=\"elementor-toggle-icon-opened\"><i class=\"elementor-toggle-icon-opened fas fa-minus\"><\/i><\/span>\n\t\t\t\t\t\t\t\t\t\t\t\t\t<\/span>\n\t\t\t\t\t\t\t\t\t\t\t\t<a class=\"elementor-toggle-title\" tabindex=\"0\">Qu\u00e8 \u00e9s el Cutting Contest?<\/a>\n\t\t\t\t\t<\/div>\n\n\t\t\t\t\t<div id=\"elementor-tab-content-9556\" class=\"elementor-tab-content elementor-clearfix\" data-tab=\"6\" role=\"region\" aria-labelledby=\"elementor-tab-title-9556\"><p><span style=\"font-weight: 400;\">El Cutting Contest \u00e9s una competici\u00f3 basada en la improvisaci\u00f3 en qu\u00e8 ballarins han d&#8217;enfrontar-se i actuar sobre el terreny a un tempo establert mentre intenten impressionar un jurat i evitar ser tallats. <\/span><\/p>\n<\/div>\n\t\t\t\t<\/div>\n\t\t\t\t\t\t\t\t<\/div>\n\t\t\t\t<\/div>\n\t\t\t\t<\/div>\n\t\t\t\t\t\t<\/div>\n\t\t\t\t\t<\/div>\n\t\t<\/div>\n\t\t\t\t\t\t\t\t<\/div>\n\t\t\t\t\t<\/div>\n\t\t<\/section>\n\t\t\t\t\t\t\t<\/div>\n\t\t\t\t<\/div>\n\t\t<\/div><div id=\"jet-tabs-content-7873\" class=\"jet-tabs__content \" data-tab=\"3\" role=\"tabpanel\" aria-hidden=\"true\" data-template-id=\"628\">\t\t<div data-elementor-type=\"section\" data-elementor-id=\"2726\" class=\"elementor elementor-2726 elementor-628\">\n\t\t\t\t\t<div class=\"elementor-section-wrap\">\n\t\t\t\t\t\t\t\t<section class=\"elementor-section elementor-top-section elementor-element elementor-element-c4f53e5 elementor-section-boxed elementor-section-height-default elementor-section-height-default\" data-id=\"c4f53e5\" data-element_type=\"section\" data-settings=\"{&quot;jet_parallax_layout_list&quot;:[]}\">\n\t\t\t\t\t\t<div class=\"elementor-container elementor-column-gap-default\">\n\t\t\t\t\t\t\t<div class=\"elementor-row\">\n\t\t\t\t\t<div class=\"elementor-column elementor-col-100 elementor-top-column elementor-element elementor-element-5c591ef\" data-id=\"5c591ef\" data-element_type=\"column\">\n\t\t\t<div class=\"elementor-column-wrap elementor-element-populated\">\n\t\t\t\t\t\t\t<div class=\"elementor-widget-wrap\">\n\t\t\t\t\t\t<div class=\"elementor-element elementor-element-1b8c652 elementor-widget__width-initial elementor-widget elementor-widget-toggle\" data-id=\"1b8c652\" data-element_type=\"widget\" data-widget_type=\"toggle.default\">\n\t\t\t\t<div class=\"elementor-widget-container\">\n\t\t\t\t\t<div class=\"elementor-toggle\">\n\t\t\t\t\t\t\t<div class=\"elementor-toggle-item\">\n\t\t\t\t\t<div id=\"elementor-tab-title-2881\" class=\"elementor-tab-title\" data-tab=\"1\" role=\"button\" aria-controls=\"elementor-tab-content-2881\" aria-expanded=\"false\">\n\t\t\t\t\t\t\t\t\t\t\t\t<span class=\"elementor-toggle-icon elementor-toggle-icon-right\" aria-hidden=\"true\">\n\t\t\t\t\t\t\t\t\t\t\t\t\t\t\t<span class=\"elementor-toggle-icon-closed\"><i class=\"fas fa-plus\"><\/i><\/span>\n\t\t\t\t\t\t\t\t<span class=\"elementor-toggle-icon-opened\"><i class=\"elementor-toggle-icon-opened fas fa-minus\"><\/i><\/span>\n\t\t\t\t\t\t\t\t\t\t\t\t\t<\/span>\n\t\t\t\t\t\t\t\t\t\t\t\t<a class=\"elementor-toggle-title\" tabindex=\"0\">En quin nivell m'he d'inscriure?<\/a>\n\t\t\t\t\t<\/div>\n\n\t\t\t\t\t<div id=\"elementor-tab-content-2881\" class=\"elementor-tab-content elementor-clearfix\" data-tab=\"1\" role=\"region\" aria-labelledby=\"elementor-tab-title-2881\"><p>T&#8217;animem a que et posis reptes, per\u00f2 tingues en compte que els nivells poden ser diferents dels que est\u00e0s acostumat. Si \u00e9s la teva primera experi\u00e8ncia en un festival o no est\u00e0s segur de quina classe inscriure&#8217;t, posa&#8217;t en contacte amb l&#8217;organitzaci\u00f3 del festival perqu\u00e8 t&#8217;ajudin.<\/p>\n<p>Tingues en compte que, pel que fa a les resid\u00e8ncies, al final del primer dia tindr\u00e0s l&#8217;opci\u00f3 de canviar de nivell si cal, segons la disponibilitat de la classe prevista. Les places s\u00f3n limitades.<\/p>\n<p><strong>Principiant zero<\/strong><br \/>Aquesta classe \u00e9s per als principiants que volen comen\u00e7ar a ballar claqu\u00e9 i tamb\u00e9 per a aquells que han fet una mica de claqu\u00e9 abans per\u00f2 encara estan aprenent les bases.<\/p>\n<p><strong>Principiant avan\u00e7at<\/strong><br \/>Si portes un o dos anys ballant claqu\u00e9 i et sents c\u00f2mode amb els passos b\u00e0sics, com shuffle, flap, ball-changes i crap rolls, per\u00f2 encara est\u00e0s aprenent i adquirint els principis b\u00e0sics.<\/p>\n<p><strong>Mitj\u00e0<\/strong><br \/>Si portes ballant un m\u00ednim de 3 anys. Tens un vocabulari s\u00f2lid de passos i pots executar diferents variacions de passos de temps a diversos tempos. Teniu els passos principals ben establerts i podeu executar diferents variacions en diferents temps. Saps qu\u00e8 \u00e9s un pas de temps i els diferents estils de m\u00fasica. Pots executar pullbacks b\u00e0sics.<\/p>\n<p><strong>Mitj\u00e0\/Avan\u00e7at<\/strong><br \/>Per a aquells que porten ballant 5 anys o m\u00e9s. La teva t\u00e8cnica, els teus fonaments i els teus salts haurien d&#8217;estar en un nivell on puguis utilitzar diferents variacions r\u00edtmiques i passos amb facilitat, i puguis aprendre r\u00e0pidament nou material i t\u00e8cniques. La improvisaci\u00f3 es converteix en una cosa natural, en diversos temps i estils musicals.<\/p>\n<p><strong>Avan\u00e7at +<\/strong><br \/>Portes ballant claqu\u00e9 8 anys o m\u00e9s. Sense cap problema, heu superat les descripcions dels nivells anteriors. L&#8217;Avan\u00e7at \u00e9s un nivell molt alt, apropiat per a ballarins de claqu\u00e9 professionals amb el nivell m\u00e9s alt d&#8217;experi\u00e8ncia i compet\u00e8ncia. En aquest nivell aprens i comprens molt r\u00e0pidament nous moviments i conceptes musicals, i tamb\u00e9 pots fer servir totes les teves habilitats per desenvolupar les teves pr\u00f2pies idees art\u00edstiques. Pots improvisar amb facilitat a qualsevol tempo i estil musical.<\/p>\n<\/div>\n\t\t\t\t<\/div>\n\t\t\t\t\t\t\t<div class=\"elementor-toggle-item\">\n\t\t\t\t\t<div id=\"elementor-tab-title-2882\" class=\"elementor-tab-title\" data-tab=\"2\" role=\"button\" aria-controls=\"elementor-tab-content-2882\" aria-expanded=\"false\">\n\t\t\t\t\t\t\t\t\t\t\t\t<span class=\"elementor-toggle-icon elementor-toggle-icon-right\" aria-hidden=\"true\">\n\t\t\t\t\t\t\t\t\t\t\t\t\t\t\t<span class=\"elementor-toggle-icon-closed\"><i class=\"fas fa-plus\"><\/i><\/span>\n\t\t\t\t\t\t\t\t<span class=\"elementor-toggle-icon-opened\"><i class=\"elementor-toggle-icon-opened fas fa-minus\"><\/i><\/span>\n\t\t\t\t\t\t\t\t\t\t\t\t\t<\/span>\n\t\t\t\t\t\t\t\t\t\t\t\t<a class=\"elementor-toggle-title\" tabindex=\"0\">Puc canviar de nivell de classes?<\/a>\n\t\t\t\t\t<\/div>\n\n\t\t\t\t\t<div id=\"elementor-tab-content-2882\" class=\"elementor-tab-content elementor-clearfix\" data-tab=\"2\" role=\"region\" aria-labelledby=\"elementor-tab-title-2882\"><p>A les <i><span style=\"font-weight: 400;\">resid\u00e8ncies<\/span><\/i><span style=\"font-weight: 400;\">,<\/span><span style=\"font-weight: 400;\">al final del primer dia, tindreu l&#8217;opci\u00f3 de canviar de nivell si cal, segons la disponibilitat de la classe prevista. Les places s\u00f3n limitades.<\/span><\/p>\n<p><span style=\"font-weight: 400;\">Si per casualitat creieu que us heu inscrit err\u00f2niament a altres classes, no dubteu a posar-vos en contacte amb l&#8217;organitzaci\u00f3 del festival. <\/span><\/p>\n<\/div>\n\t\t\t\t<\/div>\n\t\t\t\t\t\t\t\t<\/div>\n\t\t\t\t<\/div>\n\t\t\t\t<\/div>\n\t\t\t\t\t\t<\/div>\n\t\t\t\t\t<\/div>\n\t\t<\/div>\n\t\t\t\t\t\t\t\t<\/div>\n\t\t\t\t\t<\/div>\n\t\t<\/section>\n\t\t\t\t\t\t\t<\/div>\n\t\t\t\t<\/div>\n\t\t<\/div><div id=\"jet-tabs-content-7874\" class=\"jet-tabs__content \" data-tab=\"4\" role=\"tabpanel\" aria-hidden=\"true\" data-template-id=\"637\">\t\t<div data-elementor-type=\"section\" data-elementor-id=\"2722\" class=\"elementor elementor-2722 elementor-637\">\n\t\t\t\t\t<div class=\"elementor-section-wrap\">\n\t\t\t\t\t\t\t\t<section class=\"elementor-section elementor-top-section elementor-element elementor-element-ecea678 elementor-section-boxed elementor-section-height-default elementor-section-height-default\" data-id=\"ecea678\" data-element_type=\"section\" data-settings=\"{&quot;jet_parallax_layout_list&quot;:[]}\">\n\t\t\t\t\t\t<div class=\"elementor-container elementor-column-gap-default\">\n\t\t\t\t\t\t\t<div class=\"elementor-row\">\n\t\t\t\t\t<div class=\"elementor-column elementor-col-100 elementor-top-column elementor-element elementor-element-fb0f634\" data-id=\"fb0f634\" data-element_type=\"column\">\n\t\t\t<div class=\"elementor-column-wrap elementor-element-populated\">\n\t\t\t\t\t\t\t<div class=\"elementor-widget-wrap\">\n\t\t\t\t\t\t<div class=\"elementor-element elementor-element-1e8993b elementor-widget__width-initial elementor-widget elementor-widget-toggle\" data-id=\"1e8993b\" data-element_type=\"widget\" data-widget_type=\"toggle.default\">\n\t\t\t\t<div class=\"elementor-widget-container\">\n\t\t\t\t\t<div class=\"elementor-toggle\">\n\t\t\t\t\t\t\t<div class=\"elementor-toggle-item\">\n\t\t\t\t\t<div id=\"elementor-tab-title-3201\" class=\"elementor-tab-title\" data-tab=\"1\" role=\"button\" aria-controls=\"elementor-tab-content-3201\" aria-expanded=\"false\">\n\t\t\t\t\t\t\t\t\t\t\t\t<span class=\"elementor-toggle-icon elementor-toggle-icon-right\" aria-hidden=\"true\">\n\t\t\t\t\t\t\t\t\t\t\t\t\t\t\t<span class=\"elementor-toggle-icon-closed\"><i class=\"fas fa-plus\"><\/i><\/span>\n\t\t\t\t\t\t\t\t<span class=\"elementor-toggle-icon-opened\"><i class=\"elementor-toggle-icon-opened fas fa-minus\"><\/i><\/span>\n\t\t\t\t\t\t\t\t\t\t\t\t\t<\/span>\n\t\t\t\t\t\t\t\t\t\t\t\t<a class=\"elementor-toggle-title\" tabindex=\"0\">Un cop a l'aeroport de Barcelona, \u200b\u200bcom arribo al centre de la ciutat?<\/a>\n\t\t\t\t\t<\/div>\n\n\t\t\t\t\t<div id=\"elementor-tab-content-3201\" class=\"elementor-tab-content elementor-clearfix\" data-tab=\"1\" role=\"region\" aria-labelledby=\"elementor-tab-title-3201\"><p>Hi ha v\u00e0ries opcions per arribar a Barcelona des de l&#8217;aeroport. Les m\u00e9s r\u00e0pides s\u00f3n les seg\u00fcents: Et recomanem que agafis l&#8217;Aerob\u00fas Barcelona, \u200b\u200bque surt cada 20 minuts des d\u2019ambdues terminals i et deixa a Pla\u00e7a Catalunya com a \u00faltima parada. M\u00e9s informaci\u00f3 i bitllets: https:\/\/aerobusbarcelona.es\/<\/p>\n<p>Tamb\u00e9 pots agafar el tren, L\u00ednia R2 Nord, que surt de la terminal 2 i efectua parada a les seg\u00fcents estacions: Sants, Passeig de Gr\u00e0cia i Estaci\u00f3 de Fran\u00e7a. Per a altres parades, consulteu: https:\/\/www.barcelona-airport.com\/eng\/barcelona-airport-train.php<br \/>Si cap d&#8217;aquestes opcions et conven\u00e7, sempre pots agafar un taxi a la sortida de l\u2019aeroport. El cost aproximat \u00e9s de 40 euros.<\/p>\n<\/div>\n\t\t\t\t<\/div>\n\t\t\t\t\t\t\t<div class=\"elementor-toggle-item\">\n\t\t\t\t\t<div id=\"elementor-tab-title-3202\" class=\"elementor-tab-title\" data-tab=\"2\" role=\"button\" aria-controls=\"elementor-tab-content-3202\" aria-expanded=\"false\">\n\t\t\t\t\t\t\t\t\t\t\t\t<span class=\"elementor-toggle-icon elementor-toggle-icon-right\" aria-hidden=\"true\">\n\t\t\t\t\t\t\t\t\t\t\t\t\t\t\t<span class=\"elementor-toggle-icon-closed\"><i class=\"fas fa-plus\"><\/i><\/span>\n\t\t\t\t\t\t\t\t<span class=\"elementor-toggle-icon-opened\"><i class=\"elementor-toggle-icon-opened fas fa-minus\"><\/i><\/span>\n\t\t\t\t\t\t\t\t\t\t\t\t\t<\/span>\n\t\t\t\t\t\t\t\t\t\t\t\t<a class=\"elementor-toggle-title\" tabindex=\"0\">Com arribo a l'Escola Luthier Dansa?<\/a>\n\t\t\t\t\t<\/div>\n\n\t\t\t\t\t<div id=\"elementor-tab-content-3202\" class=\"elementor-tab-content elementor-clearfix\" data-tab=\"2\" role=\"region\" aria-labelledby=\"elementor-tab-title-3202\"><p>L\u2019ubicaci\u00f3 del Festival est\u00e0 convenientment a prop d&#8217;estacions de metro i l\u00ednies d&#8217;autob\u00fas i tamb\u00e9 molt ben situat al centre de la ciutat, per aix\u00f2 \u00e9s molt f\u00e0cil arribar-hi a peu.<br \/>Adre\u00e7a: Carrer de Balmes, 53 baixos.<\/p>\n<p>Les estacions de metro m\u00e9s properes s\u00f3n:<br \/>&#8211; Universitat (L1\/L2), 7 minuts a peu.<br \/>&#8211; Passeig de Gr\u00e0cia (L2\/L3\/L4), 5 minuts a peu.<br \/>&#8211; Diagonal (L3\/L5), 10 minuts a peu.<br \/>Les l\u00ednies d&#8217;autob\u00fas m\u00e9s convenients:<br \/>&#8211; 7, F\u00f2rum\/Zona Universit\u00e0ria<br \/>&#8211; V15, Barceloneta\/Avinguda Tibidab<br \/>&#8211; 63, Pla\u00e7a Universitat\/Sant Joan Desp\u00ed<br \/>&#8211; 67, Pla\u00e7a Catalunya\/Cornell\u00e0<\/p>\n<p>Si veniu en cotxe, tingueu en compte que l&#8217;aparcament disponible als carrers propers \u00e9s limitat, per\u00f2 hi ha molts aparcaments de pagament disponibles per la zona .<br \/>*Per obtenir indicacions sobre l\u2019ubicaci\u00f3 dels actes, consulteu aquesta p\u00e0gina.<\/p>\n<p><a style=\"background-color: black; color: white; padding: 10px;\" href=\"https:\/\/www.luthiertapfestival.com\/ca\/events-ca\/\">Esdeveniments<\/a><\/p>\n<\/div>\n\t\t\t\t<\/div>\n\t\t\t\t\t\t\t<div class=\"elementor-toggle-item\">\n\t\t\t\t\t<div id=\"elementor-tab-title-3203\" class=\"elementor-tab-title\" data-tab=\"3\" role=\"button\" aria-controls=\"elementor-tab-content-3203\" aria-expanded=\"false\">\n\t\t\t\t\t\t\t\t\t\t\t\t<span class=\"elementor-toggle-icon elementor-toggle-icon-right\" aria-hidden=\"true\">\n\t\t\t\t\t\t\t\t\t\t\t\t\t\t\t<span class=\"elementor-toggle-icon-closed\"><i class=\"fas fa-plus\"><\/i><\/span>\n\t\t\t\t\t\t\t\t<span class=\"elementor-toggle-icon-opened\"><i class=\"elementor-toggle-icon-opened fas fa-minus\"><\/i><\/span>\n\t\t\t\t\t\t\t\t\t\t\t\t\t<\/span>\n\t\t\t\t\t\t\t\t\t\t\t\t<a class=\"elementor-toggle-title\" tabindex=\"0\">Quines s\u00f3n les opcions d'allotjament a prop de l'esdeveniment?<\/a>\n\t\t\t\t\t<\/div>\n\n\t\t\t\t\t<div id=\"elementor-tab-content-3203\" class=\"elementor-tab-content elementor-clearfix\" data-tab=\"3\" role=\"region\" aria-labelledby=\"elementor-tab-title-3203\"><p><span style=\"font-weight: 400;\">Consulteu les recomanacions d&#8217;allotjament disponibles per als participants al Festival a la <a href=\"https:\/\/www.luthiertapfestival.com\/ca\/accomodation-ca\/\">nostra p\u00e0gina d&#8217;allotjament.<\/a><\/span><\/p>\n<\/div>\n\t\t\t\t<\/div>\n\t\t\t\t\t\t\t<div class=\"elementor-toggle-item\">\n\t\t\t\t\t<div id=\"elementor-tab-title-3204\" class=\"elementor-tab-title\" data-tab=\"4\" role=\"button\" aria-controls=\"elementor-tab-content-3204\" aria-expanded=\"false\">\n\t\t\t\t\t\t\t\t\t\t\t\t<span class=\"elementor-toggle-icon elementor-toggle-icon-right\" aria-hidden=\"true\">\n\t\t\t\t\t\t\t\t\t\t\t\t\t\t\t<span class=\"elementor-toggle-icon-closed\"><i class=\"fas fa-plus\"><\/i><\/span>\n\t\t\t\t\t\t\t\t<span class=\"elementor-toggle-icon-opened\"><i class=\"elementor-toggle-icon-opened fas fa-minus\"><\/i><\/span>\n\t\t\t\t\t\t\t\t\t\t\t\t\t<\/span>\n\t\t\t\t\t\t\t\t\t\t\t\t<a class=\"elementor-toggle-title\" tabindex=\"0\">Com s\u00f3n els voltants del Festival?<\/a>\n\t\t\t\t\t<\/div>\n\n\t\t\t\t\t<div id=\"elementor-tab-content-3204\" class=\"elementor-tab-content elementor-clearfix\" data-tab=\"4\" role=\"region\" aria-labelledby=\"elementor-tab-title-3204\"><p>El Festival est\u00e0 situat al c\u00e8ntric i urb\u00e0 barri de l&#8217;Eixample, a dues illes de Rambla de Catalunya i 10 minuts de Pla\u00e7a de Catalunya. A poca dist\u00e0ncia a peu d&#8217;una gran quantitat de restaurants, llocs tur\u00edstics i botigues. Hi ha molt a fer i veure, tot a poca dist\u00e0ncia. <\/p>\n<\/div>\n\t\t\t\t<\/div>\n\t\t\t\t\t\t\t<div class=\"elementor-toggle-item\">\n\t\t\t\t\t<div id=\"elementor-tab-title-3205\" class=\"elementor-tab-title\" data-tab=\"5\" role=\"button\" aria-controls=\"elementor-tab-content-3205\" aria-expanded=\"false\">\n\t\t\t\t\t\t\t\t\t\t\t\t<span class=\"elementor-toggle-icon elementor-toggle-icon-right\" aria-hidden=\"true\">\n\t\t\t\t\t\t\t\t\t\t\t\t\t\t\t<span class=\"elementor-toggle-icon-closed\"><i class=\"fas fa-plus\"><\/i><\/span>\n\t\t\t\t\t\t\t\t<span class=\"elementor-toggle-icon-opened\"><i class=\"elementor-toggle-icon-opened fas fa-minus\"><\/i><\/span>\n\t\t\t\t\t\t\t\t\t\t\t\t\t<\/span>\n\t\t\t\t\t\t\t\t\t\t\t\t<a class=\"elementor-toggle-title\" tabindex=\"0\">Hi ha algun \u00e0pat incl\u00f2s?<\/a>\n\t\t\t\t\t<\/div>\n\n\t\t\t\t\t<div id=\"elementor-tab-content-3205\" class=\"elementor-tab-content elementor-clearfix\" data-tab=\"5\" role=\"region\" aria-labelledby=\"elementor-tab-title-3205\"><p><span style=\"font-weight: 400;\">No, el Festival no proporciona menjars, per\u00f2 hi ha molts restaurants, cafeteries i supermercats als voltants de l\u2019Escola. Pots portar el teu propi \u00e0pat. *Nom\u00e9s es permet aigua dins les aules.<\/span><\/p>\n<p><span style=\"font-weight: 400;\">El diumenge 30 tindrem el sopar de comiat al Restaurant Flamant. Reserva la teva pla\u00e7a amb antelaci\u00f3 <a href=\"https:\/\/luthierdansa.com\/producto\/farewell-dinner\/\">aqu\u00ed<\/a><\/span> <span style=\"font-weight: 400;\">i celebra amb nosaltres el final d&#8217;una setmana especial junts<\/span><b>.<\/b><\/p>\n<\/div>\n\t\t\t\t<\/div>\n\t\t\t\t\t\t\t<div class=\"elementor-toggle-item\">\n\t\t\t\t\t<div id=\"elementor-tab-title-3206\" class=\"elementor-tab-title\" data-tab=\"6\" role=\"button\" aria-controls=\"elementor-tab-content-3206\" aria-expanded=\"false\">\n\t\t\t\t\t\t\t\t\t\t\t\t<span class=\"elementor-toggle-icon elementor-toggle-icon-right\" aria-hidden=\"true\">\n\t\t\t\t\t\t\t\t\t\t\t\t\t\t\t<span class=\"elementor-toggle-icon-closed\"><i class=\"fas fa-plus\"><\/i><\/span>\n\t\t\t\t\t\t\t\t<span class=\"elementor-toggle-icon-opened\"><i class=\"elementor-toggle-icon-opened fas fa-minus\"><\/i><\/span>\n\t\t\t\t\t\t\t\t\t\t\t\t\t<\/span>\n\t\t\t\t\t\t\t\t\t\t\t\t<a class=\"elementor-toggle-title\" tabindex=\"0\">Quina \u00e9s la pol\u00edtica de reemborsament?<\/a>\n\t\t\t\t\t<\/div>\n\n\t\t\t\t\t<div id=\"elementor-tab-content-3206\" class=\"elementor-tab-content elementor-clearfix\" data-tab=\"6\" role=\"region\" aria-labelledby=\"elementor-tab-title-3206\"><p><span style=\"font-weight: 400;\">Cancel\u00b7lacions d&#8217;estudiants: abans del dilluns 30 de juny del 2025 els estudiants poden cancel\u00b7lar la seva inscripci\u00f3 i rebre un reemborsament complet menys la quota d\u2019inscripci\u00f3 de 50,00 euros. No hi haur\u00e0 reemborsaments despr\u00e9s del 30 de juny de 2025.<\/span><\/p><\/div>\n\t\t\t\t<\/div>\n\t\t\t\t\t\t\t<div class=\"elementor-toggle-item\">\n\t\t\t\t\t<div id=\"elementor-tab-title-3207\" class=\"elementor-tab-title\" data-tab=\"7\" role=\"button\" aria-controls=\"elementor-tab-content-3207\" aria-expanded=\"false\">\n\t\t\t\t\t\t\t\t\t\t\t\t<span class=\"elementor-toggle-icon elementor-toggle-icon-right\" aria-hidden=\"true\">\n\t\t\t\t\t\t\t\t\t\t\t\t\t\t\t<span class=\"elementor-toggle-icon-closed\"><i class=\"fas fa-plus\"><\/i><\/span>\n\t\t\t\t\t\t\t\t<span class=\"elementor-toggle-icon-opened\"><i class=\"elementor-toggle-icon-opened fas fa-minus\"><\/i><\/span>\n\t\t\t\t\t\t\t\t\t\t\t\t\t<\/span>\n\t\t\t\t\t\t\t\t\t\t\t\t<a class=\"elementor-toggle-title\" tabindex=\"0\">Qu\u00e8 passa si es cancel\u00b7la alguna de les meves classes?<\/a>\n\t\t\t\t\t<\/div>\n\n\t\t\t\t\t<div id=\"elementor-tab-content-3207\" class=\"elementor-tab-content elementor-clearfix\" data-tab=\"7\" role=\"region\" aria-labelledby=\"elementor-tab-title-3207\"><p><span style=\"font-weight: 400;\">Si es produeix alguna cancel\u00b7laci\u00f3 o canvi en l&#8217;horari, \u00e9s notificar\u00e0 mitjan\u00e7ant un correu electr\u00f2nic oficial presentant les solucions disponibles.<\/span><\/p>\n<\/div>\n\t\t\t\t<\/div>\n\t\t\t\t\t\t\t\t<\/div>\n\t\t\t\t<\/div>\n\t\t\t\t<\/div>\n\t\t\t\t\t\t<\/div>\n\t\t\t\t\t<\/div>\n\t\t<\/div>\n\t\t\t\t\t\t\t\t<\/div>\n\t\t\t\t\t<\/div>\n\t\t<\/section>\n\t\t\t\t\t\t\t<\/div>\n\t\t\t\t<\/div>\n\t\t<\/div>\t\t\t<\/div>\n\t\t<\/div>\n\t\t\t\t<\/div>\n\t\t\t\t<\/div>\n\t\t\t\t\t\t<\/div>\n\t\t\t\t\t<\/div>\n\t\t<\/div>\n\t\t\t\t\t\t\t\t<\/div>\n\t\t\t\t\t<\/div>\n\t\t<\/section>\n\t\t\t\t\t\t\t\t\t<\/div>\n\t\t\t<\/div>\n\t\t\t\t\t<\/div>\n\t\t","protected":false},"excerpt":{"rendered":"<p>FAQ\u2019s (Preguntes freq\u00fcents) INFORMACI\u00d3 GENERAL SOBRE EL LTFCLASSES I ACTES ESPECIALSTOT SOBRE ELS NIVELLSLOG\u00cdSTICA I ALLOTJAMENT Hi ha un l\u00edmit d\u2019edat per participar a l\u2019esdeveniment? No! El nostre festival \u00e9s un esdeveniment per a totes les edats i no hi ha restriccions de cap tipus per les classes o els esdeveniments programats, tothom \u00e9s benvingut! [&hellip;]<\/p>\n","protected":false},"author":3,"featured_media":0,"parent":0,"menu_order":0,"comment_status":"closed","ping_status":"closed","template":"elementor_header_footer","meta":{"footnotes":""},"class_list":["post-2472","page","type-page","status-publish","hentry"],"yoast_head":"<!-- This site is optimized with the Yoast SEO plugin v21.5 - https:\/\/yoast.com\/wordpress\/plugins\/seo\/ -->\n<title>FAQ&#039;s - 4th Luthier Tap Festival<\/title>\n<meta name=\"robots\" content=\"index, follow, max-snippet:-1, max-image-preview:large, max-video-preview:-1\" \/>\n<link rel=\"canonical\" href=\"https:\/\/www.luthiertapfestival.com\/ca\/faqs-ca\/\" \/>\n<meta property=\"og:locale\" content=\"ca_ES\" \/>\n<meta property=\"og:type\" content=\"article\" \/>\n<meta property=\"og:title\" content=\"FAQ&#039;s - 4th Luthier Tap Festival\" \/>\n<meta property=\"og:description\" content=\"FAQ\u2019s (Preguntes freq\u00fcents) INFORMACI\u00d3 GENERAL SOBRE EL LTFCLASSES I ACTES ESPECIALSTOT SOBRE ELS NIVELLSLOG\u00cdSTICA I ALLOTJAMENT Hi ha un l\u00edmit d\u2019edat per participar a l\u2019esdeveniment? No! El nostre festival \u00e9s un esdeveniment per a totes les edats i no hi ha restriccions de cap tipus per les classes o els esdeveniments programats, tothom \u00e9s benvingut! [&hellip;]\" \/>\n<meta property=\"og:url\" content=\"https:\/\/www.luthiertapfestival.com\/ca\/faqs-ca\/\" \/>\n<meta property=\"og:site_name\" content=\"4th Luthier Tap Festival\" \/>\n<meta property=\"article:modified_time\" content=\"2025-07-17T11:22:40+00:00\" \/>\n<meta property=\"og:image\" content=\"https:\/\/www.luthiertapfestival.com\/wp-content\/uploads\/2025\/12\/LTF_logo1-copia.png\" \/>\n\t<meta property=\"og:image:width\" content=\"2126\" \/>\n\t<meta property=\"og:image:height\" content=\"2126\" \/>\n\t<meta property=\"og:image:type\" content=\"image\/png\" \/>\n<meta name=\"twitter:card\" content=\"summary_large_image\" \/>\n<meta name=\"twitter:label1\" content=\"Temps estimat de lectura\" \/>\n\t<meta name=\"twitter:data1\" content=\"18 minuts\" \/>\n<script type=\"application\/ld+json\" class=\"yoast-schema-graph\">{\"@context\":\"https:\/\/schema.org\",\"@graph\":[{\"@type\":\"WebPage\",\"@id\":\"https:\/\/www.luthiertapfestival.com\/ca\/faqs-ca\/\",\"url\":\"https:\/\/www.luthiertapfestival.com\/ca\/faqs-ca\/\",\"name\":\"FAQ's - 4th Luthier Tap Festival\",\"isPartOf\":{\"@id\":\"https:\/\/www.luthiertapfestival.com\/#website\"},\"datePublished\":\"2023-04-03T11:31:02+00:00\",\"dateModified\":\"2025-07-17T11:22:40+00:00\",\"breadcrumb\":{\"@id\":\"https:\/\/www.luthiertapfestival.com\/ca\/faqs-ca\/#breadcrumb\"},\"inLanguage\":\"ca\",\"potentialAction\":[{\"@type\":\"ReadAction\",\"target\":[\"https:\/\/www.luthiertapfestival.com\/ca\/faqs-ca\/\"]}]},{\"@type\":\"BreadcrumbList\",\"@id\":\"https:\/\/www.luthiertapfestival.com\/ca\/faqs-ca\/#breadcrumb\",\"itemListElement\":[{\"@type\":\"ListItem\",\"position\":1,\"name\":\"Home\",\"item\":\"https:\/\/www.luthiertapfestival.com\/ca\/\"},{\"@type\":\"ListItem\",\"position\":2,\"name\":\"FAQ&#8217;s\"}]},{\"@type\":\"WebSite\",\"@id\":\"https:\/\/www.luthiertapfestival.com\/#website\",\"url\":\"https:\/\/www.luthiertapfestival.com\/\",\"name\":\"4th Luthier Tap Festival\",\"description\":\"Barcelona 20 - 26 July 2026\",\"publisher\":{\"@id\":\"https:\/\/www.luthiertapfestival.com\/#organization\"},\"potentialAction\":[{\"@type\":\"SearchAction\",\"target\":{\"@type\":\"EntryPoint\",\"urlTemplate\":\"https:\/\/www.luthiertapfestival.com\/?s={search_term_string}\"},\"query-input\":\"required name=search_term_string\"}],\"inLanguage\":\"ca\"},{\"@type\":\"Organization\",\"@id\":\"https:\/\/www.luthiertapfestival.com\/#organization\",\"name\":\"Luthier Tap Festival\",\"url\":\"https:\/\/www.luthiertapfestival.com\/\",\"logo\":{\"@type\":\"ImageObject\",\"inLanguage\":\"ca\",\"@id\":\"https:\/\/www.luthiertapfestival.com\/#\/schema\/logo\/image\/\",\"url\":\"https:\/\/www.luthiertapfestival.com\/wp-content\/uploads\/2024\/05\/LTF_logo_line_color.png\",\"contentUrl\":\"https:\/\/www.luthiertapfestival.com\/wp-content\/uploads\/2024\/05\/LTF_logo_line_color.png\",\"width\":4134,\"height\":772,\"caption\":\"Luthier Tap Festival\"},\"image\":{\"@id\":\"https:\/\/www.luthiertapfestival.com\/#\/schema\/logo\/image\/\"}}]}<\/script>\n<!-- \/ Yoast SEO plugin. -->","yoast_head_json":{"title":"FAQ's - 4th Luthier Tap Festival","robots":{"index":"index","follow":"follow","max-snippet":"max-snippet:-1","max-image-preview":"max-image-preview:large","max-video-preview":"max-video-preview:-1"},"canonical":"https:\/\/www.luthiertapfestival.com\/ca\/faqs-ca\/","og_locale":"ca_ES","og_type":"article","og_title":"FAQ's - 4th Luthier Tap Festival","og_description":"FAQ\u2019s (Preguntes freq\u00fcents) INFORMACI\u00d3 GENERAL SOBRE EL LTFCLASSES I ACTES ESPECIALSTOT SOBRE ELS NIVELLSLOG\u00cdSTICA I ALLOTJAMENT Hi ha un l\u00edmit d\u2019edat per participar a l\u2019esdeveniment? No! El nostre festival \u00e9s un esdeveniment per a totes les edats i no hi ha restriccions de cap tipus per les classes o els esdeveniments programats, tothom \u00e9s benvingut! [&hellip;]","og_url":"https:\/\/www.luthiertapfestival.com\/ca\/faqs-ca\/","og_site_name":"4th Luthier Tap Festival","article_modified_time":"2025-07-17T11:22:40+00:00","og_image":[{"width":2126,"height":2126,"url":"https:\/\/www.luthiertapfestival.com\/wp-content\/uploads\/2025\/12\/LTF_logo1-copia.png","type":"image\/png"}],"twitter_card":"summary_large_image","twitter_misc":{"Temps estimat de lectura":"18 minuts"},"schema":{"@context":"https:\/\/schema.org","@graph":[{"@type":"WebPage","@id":"https:\/\/www.luthiertapfestival.com\/ca\/faqs-ca\/","url":"https:\/\/www.luthiertapfestival.com\/ca\/faqs-ca\/","name":"FAQ's - 4th Luthier Tap Festival","isPartOf":{"@id":"https:\/\/www.luthiertapfestival.com\/#website"},"datePublished":"2023-04-03T11:31:02+00:00","dateModified":"2025-07-17T11:22:40+00:00","breadcrumb":{"@id":"https:\/\/www.luthiertapfestival.com\/ca\/faqs-ca\/#breadcrumb"},"inLanguage":"ca","potentialAction":[{"@type":"ReadAction","target":["https:\/\/www.luthiertapfestival.com\/ca\/faqs-ca\/"]}]},{"@type":"BreadcrumbList","@id":"https:\/\/www.luthiertapfestival.com\/ca\/faqs-ca\/#breadcrumb","itemListElement":[{"@type":"ListItem","position":1,"name":"Home","item":"https:\/\/www.luthiertapfestival.com\/ca\/"},{"@type":"ListItem","position":2,"name":"FAQ&#8217;s"}]},{"@type":"WebSite","@id":"https:\/\/www.luthiertapfestival.com\/#website","url":"https:\/\/www.luthiertapfestival.com\/","name":"4th Luthier Tap Festival","description":"Barcelona 20 - 26 July 2026","publisher":{"@id":"https:\/\/www.luthiertapfestival.com\/#organization"},"potentialAction":[{"@type":"SearchAction","target":{"@type":"EntryPoint","urlTemplate":"https:\/\/www.luthiertapfestival.com\/?s={search_term_string}"},"query-input":"required name=search_term_string"}],"inLanguage":"ca"},{"@type":"Organization","@id":"https:\/\/www.luthiertapfestival.com\/#organization","name":"Luthier Tap Festival","url":"https:\/\/www.luthiertapfestival.com\/","logo":{"@type":"ImageObject","inLanguage":"ca","@id":"https:\/\/www.luthiertapfestival.com\/#\/schema\/logo\/image\/","url":"https:\/\/www.luthiertapfestival.com\/wp-content\/uploads\/2024\/05\/LTF_logo_line_color.png","contentUrl":"https:\/\/www.luthiertapfestival.com\/wp-content\/uploads\/2024\/05\/LTF_logo_line_color.png","width":4134,"height":772,"caption":"Luthier Tap Festival"},"image":{"@id":"https:\/\/www.luthiertapfestival.com\/#\/schema\/logo\/image\/"}}]}},"_links":{"self":[{"href":"https:\/\/www.luthiertapfestival.com\/ca\/wp-json\/wp\/v2\/pages\/2472","targetHints":{"allow":["GET"]}}],"collection":[{"href":"https:\/\/www.luthiertapfestival.com\/ca\/wp-json\/wp\/v2\/pages"}],"about":[{"href":"https:\/\/www.luthiertapfestival.com\/ca\/wp-json\/wp\/v2\/types\/page"}],"author":[{"embeddable":true,"href":"https:\/\/www.luthiertapfestival.com\/ca\/wp-json\/wp\/v2\/users\/3"}],"replies":[{"embeddable":true,"href":"https:\/\/www.luthiertapfestival.com\/ca\/wp-json\/wp\/v2\/comments?post=2472"}],"version-history":[{"count":13,"href":"https:\/\/www.luthiertapfestival.com\/ca\/wp-json\/wp\/v2\/pages\/2472\/revisions"}],"predecessor-version":[{"id":10025,"href":"https:\/\/www.luthiertapfestival.com\/ca\/wp-json\/wp\/v2\/pages\/2472\/revisions\/10025"}],"wp:attachment":[{"href":"https:\/\/www.luthiertapfestival.com\/ca\/wp-json\/wp\/v2\/media?parent=2472"}],"curies":[{"name":"wp","href":"https:\/\/api.w.org\/{rel}","templated":true}]}}